{"id":25250,"date":"2022-08-22T23:48:32","date_gmt":"2022-08-22T20:48:32","guid":{"rendered":"https:\/\/radis.ee\/?post_type=product&#038;p=25250"},"modified":"2026-04-06T21:39:55","modified_gmt":"2026-04-06T18:39:55","slug":"couchtisch-mit-zusaetzlicher-ablage-noble","status":"publish","type":"product","link":"https:\/\/radis.ee\/de\/couchtisch-mit-zusaetzlicher-ablage-noble\/","title":{"rendered":"Couchtisch mit zus\u00e4tzlicher Ablage NOBLE"},"content":{"rendered":"<p>Ein leicht oval geformter Couchtisch mit zus\u00e4tzlicher Ablage ist ein spannender Begleiter f\u00fcr Ihren Sessel oder Ihr Sofa.<\/p>\n<p>Die Ma\u00dfe des rechteckigen Couchtisches betragen 64x92cm, H\u00f6he 48cm. Der Abstand zwischen der zus\u00e4tzlichen Ablage und der Tischplatte betr\u00e4gt 10 cm, sodass Sie bequem eine TV-Fernbedienung oder Ihre Lieblingszeitschrift dort verstecken k\u00f6nnen.<\/p>\n<p>Hergestellt aus Birkensperrholz mit Eichenfurnier, \u00f6lgewachst, zus\u00e4tzlich mit wei\u00dfem Hochdrucklaminat (HPL), pulverbeschichtete schwarze Metallbeine.<\/p>\n","protected":false},"excerpt":{"rendered":"<p>Ein leicht oval geformter Couchtisch mit zus\u00e4tzlicher Ablage ist ein spannender Begleiter f\u00fcr Ihren Sessel oder Ihr Sofa. Die Ma\u00dfe des rechteckigen Couchtisches betragen 64x92cm, H\u00f6he 48cm. Der Abstand zwischen der zus\u00e4tzlichen Ablage und der Tischplatte betr\u00e4gt 10 cm, sodass Sie bequem eine TV-Fernbedienung oder Ihre Lieblingszeitschrift dort verstecken k\u00f6nnen. Hergestellt aus Birkensperrholz mit Eichenfurnier,&#8230;<\/p>\n","protected":false},"featured_media":25296,"comment_status":"open","ping_status":"closed","template":"","meta":{"_acf_changed":false},"product_brand":[],"product_cat":[111],"product_tag":[],"class_list":{"0":"post-25250","1":"product","2":"type-product","3":"status-publish","4":"has-post-thumbnail","6":"product_cat-lauad","8":"first","9":"instock","10":"taxable","11":"shipping-taxable","12":"purchasable","13":"product-type-variable","14":"has-default-attributes"},"acf":[],"yoast_head":"<!-- This site is optimized with the Yoast SEO plugin v27.4 - https:\/\/yoast.com\/product\/yoast-seo-wordpress\/ -->\n<title>Couchtisch mit zus\u00e4tzlicher Ablage NOBLE - Radis<\/title>\n<meta name=\"robots\" content=\"index, follow, max-snippet:-1, max-image-preview:large, max-video-preview:-1\" \/>\n<link rel=\"canonical\" href=\"https:\/\/radis.ee\/de\/couchtisch-mit-zusaetzlicher-ablage-noble\/\" \/>\n<meta property=\"og:locale\" content=\"de_DE\" \/>\n<meta property=\"og:type\" content=\"article\" \/>\n<meta property=\"og:title\" content=\"Couchtisch mit zus\u00e4tzlicher Ablage NOBLE - Radis\" \/>\n<meta property=\"og:description\" content=\"Ein leicht oval geformter Couchtisch mit zus\u00e4tzlicher Ablage ist ein spannender Begleiter f\u00fcr Ihren Sessel oder Ihr Sofa. Die Ma\u00dfe des rechteckigen Couchtisches betragen 64x92cm, H\u00f6he 48cm. Der Abstand zwischen der zus\u00e4tzlichen Ablage und der Tischplatte betr\u00e4gt 10 cm, sodass Sie bequem eine TV-Fernbedienung oder Ihre Lieblingszeitschrift dort verstecken k\u00f6nnen. Hergestellt aus Birkensperrholz mit Eichenfurnier,...\" \/>\n<meta property=\"og:url\" content=\"https:\/\/radis.ee\/de\/couchtisch-mit-zusaetzlicher-ablage-noble\/\" \/>\n<meta property=\"og:site_name\" content=\"Radis\" \/>\n<meta property=\"article:publisher\" content=\"https:\/\/www.facebook.com\/radisfurniture\/\" \/>\n<meta property=\"article:modified_time\" content=\"2026-04-06T18:39:55+00:00\" \/>\n<meta property=\"og:image\" content=\"https:\/\/radis.ee\/wp-content\/uploads\/2024\/01\/Radis_sofatable_NOBLE_Oak_veneered_plywood_1_white.jpg\" \/>\n\t<meta property=\"og:image:width\" content=\"803\" \/>\n\t<meta property=\"og:image:height\" content=\"967\" \/>\n\t<meta property=\"og:image:type\" content=\"image\/jpeg\" \/>\n<meta name=\"twitter:card\" content=\"summary_large_image\" \/>\n<meta name=\"twitter:label1\" content=\"Gesch\u00e4tzte Lesezeit\" \/>\n\t<meta name=\"twitter:data1\" content=\"1\u00a0Minute\" \/>\n<script type=\"application\/ld+json\" class=\"yoast-schema-graph\">{\"@context\":\"https:\\\/\\\/schema.org\",\"@graph\":[{\"@type\":\"WebPage\",\"@id\":\"https:\\\/\\\/radis.ee\\\/de\\\/couchtisch-mit-zusaetzlicher-ablage-noble\\\/\",\"url\":\"https:\\\/\\\/radis.ee\\\/de\\\/couchtisch-mit-zusaetzlicher-ablage-noble\\\/\",\"name\":\"Couchtisch mit zus\u00e4tzlicher Ablage NOBLE - Radis\",\"isPartOf\":{\"@id\":\"https:\\\/\\\/radis.ee\\\/#website\"},\"primaryImageOfPage\":{\"@id\":\"https:\\\/\\\/radis.ee\\\/de\\\/couchtisch-mit-zusaetzlicher-ablage-noble\\\/#primaryimage\"},\"image\":{\"@id\":\"https:\\\/\\\/radis.ee\\\/de\\\/couchtisch-mit-zusaetzlicher-ablage-noble\\\/#primaryimage\"},\"thumbnailUrl\":\"https:\\\/\\\/radis.ee\\\/wp-content\\\/uploads\\\/2024\\\/01\\\/Radis_sofatable_NOBLE_Oak_veneered_plywood_1_white.jpg\",\"datePublished\":\"2022-08-22T20:48:32+00:00\",\"dateModified\":\"2026-04-06T18:39:55+00:00\",\"breadcrumb\":{\"@id\":\"https:\\\/\\\/radis.ee\\\/de\\\/couchtisch-mit-zusaetzlicher-ablage-noble\\\/#breadcrumb\"},\"inLanguage\":\"de\",\"potentialAction\":[{\"@type\":\"ReadAction\",\"target\":[\"https:\\\/\\\/radis.ee\\\/de\\\/couchtisch-mit-zusaetzlicher-ablage-noble\\\/\"]}]},{\"@type\":\"ImageObject\",\"inLanguage\":\"de\",\"@id\":\"https:\\\/\\\/radis.ee\\\/de\\\/couchtisch-mit-zusaetzlicher-ablage-noble\\\/#primaryimage\",\"url\":\"https:\\\/\\\/radis.ee\\\/wp-content\\\/uploads\\\/2024\\\/01\\\/Radis_sofatable_NOBLE_Oak_veneered_plywood_1_white.jpg\",\"contentUrl\":\"https:\\\/\\\/radis.ee\\\/wp-content\\\/uploads\\\/2024\\\/01\\\/Radis_sofatable_NOBLE_Oak_veneered_plywood_1_white.jpg\",\"width\":803,\"height\":967,\"caption\":\"Radis sofa table with additional shelf NOBLE oak veneered\"},{\"@type\":\"BreadcrumbList\",\"@id\":\"https:\\\/\\\/radis.ee\\\/de\\\/couchtisch-mit-zusaetzlicher-ablage-noble\\\/#breadcrumb\",\"itemListElement\":[{\"@type\":\"ListItem\",\"position\":1,\"name\":\"Home\",\"item\":\"https:\\\/\\\/radis.ee\\\/\"},{\"@type\":\"ListItem\",\"position\":2,\"name\":\"Produkte\",\"item\":\"https:\\\/\\\/radis.ee\\\/de\\\/produkte\\\/\"},{\"@type\":\"ListItem\",\"position\":3,\"name\":\"Couchtisch mit zus\u00e4tzlicher Ablage NOBLE\"}]},{\"@type\":\"WebSite\",\"@id\":\"https:\\\/\\\/radis.ee\\\/#website\",\"url\":\"https:\\\/\\\/radis.ee\\\/\",\"name\":\"Radis\",\"description\":\"Nordic design furniture, environmentally friendly and sustainable.\",\"publisher\":{\"@id\":\"https:\\\/\\\/radis.ee\\\/#organization\"},\"potentialAction\":[{\"@type\":\"SearchAction\",\"target\":{\"@type\":\"EntryPoint\",\"urlTemplate\":\"https:\\\/\\\/radis.ee\\\/?s={search_term_string}\"},\"query-input\":{\"@type\":\"PropertyValueSpecification\",\"valueRequired\":true,\"valueName\":\"search_term_string\"}}],\"inLanguage\":\"de\"},{\"@type\":\"Organization\",\"@id\":\"https:\\\/\\\/radis.ee\\\/#organization\",\"name\":\"Radis O\u00dc\",\"url\":\"https:\\\/\\\/radis.ee\\\/\",\"logo\":{\"@type\":\"ImageObject\",\"inLanguage\":\"de\",\"@id\":\"https:\\\/\\\/radis.ee\\\/#\\\/schema\\\/logo\\\/image\\\/\",\"url\":\"https:\\\/\\\/radis.ee\\\/wp-content\\\/uploads\\\/2020\\\/10\\\/Radis-logo.png\",\"contentUrl\":\"https:\\\/\\\/radis.ee\\\/wp-content\\\/uploads\\\/2020\\\/10\\\/Radis-logo.png\",\"width\":300,\"height\":63,\"caption\":\"Radis O\u00dc\"},\"image\":{\"@id\":\"https:\\\/\\\/radis.ee\\\/#\\\/schema\\\/logo\\\/image\\\/\"},\"sameAs\":[\"https:\\\/\\\/www.facebook.com\\\/radisfurniture\\\/\"]}]}<\/script>\n<!-- \/ Yoast SEO plugin. -->","yoast_head_json":{"title":"Couchtisch mit zus\u00e4tzlicher Ablage NOBLE - Radis","robots":{"index":"index","follow":"follow","max-snippet":"max-snippet:-1","max-image-preview":"max-image-preview:large","max-video-preview":"max-video-preview:-1"},"canonical":"https:\/\/radis.ee\/de\/couchtisch-mit-zusaetzlicher-ablage-noble\/","og_locale":"de_DE","og_type":"article","og_title":"Couchtisch mit zus\u00e4tzlicher Ablage NOBLE - Radis","og_description":"Ein leicht oval geformter Couchtisch mit zus\u00e4tzlicher Ablage ist ein spannender Begleiter f\u00fcr Ihren Sessel oder Ihr Sofa. Die Ma\u00dfe des rechteckigen Couchtisches betragen 64x92cm, H\u00f6he 48cm. Der Abstand zwischen der zus\u00e4tzlichen Ablage und der Tischplatte betr\u00e4gt 10 cm, sodass Sie bequem eine TV-Fernbedienung oder Ihre Lieblingszeitschrift dort verstecken k\u00f6nnen. Hergestellt aus Birkensperrholz mit Eichenfurnier,...","og_url":"https:\/\/radis.ee\/de\/couchtisch-mit-zusaetzlicher-ablage-noble\/","og_site_name":"Radis","article_publisher":"https:\/\/www.facebook.com\/radisfurniture\/","article_modified_time":"2026-04-06T18:39:55+00:00","og_image":[{"width":803,"height":967,"url":"https:\/\/radis.ee\/wp-content\/uploads\/2024\/01\/Radis_sofatable_NOBLE_Oak_veneered_plywood_1_white.jpg","type":"image\/jpeg"}],"twitter_card":"summary_large_image","twitter_misc":{"Gesch\u00e4tzte Lesezeit":"1\u00a0Minute"},"schema":{"@context":"https:\/\/schema.org","@graph":[{"@type":"WebPage","@id":"https:\/\/radis.ee\/de\/couchtisch-mit-zusaetzlicher-ablage-noble\/","url":"https:\/\/radis.ee\/de\/couchtisch-mit-zusaetzlicher-ablage-noble\/","name":"Couchtisch mit zus\u00e4tzlicher Ablage NOBLE - Radis","isPartOf":{"@id":"https:\/\/radis.ee\/#website"},"primaryImageOfPage":{"@id":"https:\/\/radis.ee\/de\/couchtisch-mit-zusaetzlicher-ablage-noble\/#primaryimage"},"image":{"@id":"https:\/\/radis.ee\/de\/couchtisch-mit-zusaetzlicher-ablage-noble\/#primaryimage"},"thumbnailUrl":"https:\/\/radis.ee\/wp-content\/uploads\/2024\/01\/Radis_sofatable_NOBLE_Oak_veneered_plywood_1_white.jpg","datePublished":"2022-08-22T20:48:32+00:00","dateModified":"2026-04-06T18:39:55+00:00","breadcrumb":{"@id":"https:\/\/radis.ee\/de\/couchtisch-mit-zusaetzlicher-ablage-noble\/#breadcrumb"},"inLanguage":"de","potentialAction":[{"@type":"ReadAction","target":["https:\/\/radis.ee\/de\/couchtisch-mit-zusaetzlicher-ablage-noble\/"]}]},{"@type":"ImageObject","inLanguage":"de","@id":"https:\/\/radis.ee\/de\/couchtisch-mit-zusaetzlicher-ablage-noble\/#primaryimage","url":"https:\/\/radis.ee\/wp-content\/uploads\/2024\/01\/Radis_sofatable_NOBLE_Oak_veneered_plywood_1_white.jpg","contentUrl":"https:\/\/radis.ee\/wp-content\/uploads\/2024\/01\/Radis_sofatable_NOBLE_Oak_veneered_plywood_1_white.jpg","width":803,"height":967,"caption":"Radis sofa table with additional shelf NOBLE oak veneered"},{"@type":"BreadcrumbList","@id":"https:\/\/radis.ee\/de\/couchtisch-mit-zusaetzlicher-ablage-noble\/#breadcrumb","itemListElement":[{"@type":"ListItem","position":1,"name":"Home","item":"https:\/\/radis.ee\/"},{"@type":"ListItem","position":2,"name":"Produkte","item":"https:\/\/radis.ee\/de\/produkte\/"},{"@type":"ListItem","position":3,"name":"Couchtisch mit zus\u00e4tzlicher Ablage NOBLE"}]},{"@type":"WebSite","@id":"https:\/\/radis.ee\/#website","url":"https:\/\/radis.ee\/","name":"Radis","description":"Nordic design furniture, environmentally friendly and sustainable.","publisher":{"@id":"https:\/\/radis.ee\/#organization"},"potentialAction":[{"@type":"SearchAction","target":{"@type":"EntryPoint","urlTemplate":"https:\/\/radis.ee\/?s={search_term_string}"},"query-input":{"@type":"PropertyValueSpecification","valueRequired":true,"valueName":"search_term_string"}}],"inLanguage":"de"},{"@type":"Organization","@id":"https:\/\/radis.ee\/#organization","name":"Radis O\u00dc","url":"https:\/\/radis.ee\/","logo":{"@type":"ImageObject","inLanguage":"de","@id":"https:\/\/radis.ee\/#\/schema\/logo\/image\/","url":"https:\/\/radis.ee\/wp-content\/uploads\/2020\/10\/Radis-logo.png","contentUrl":"https:\/\/radis.ee\/wp-content\/uploads\/2020\/10\/Radis-logo.png","width":300,"height":63,"caption":"Radis O\u00dc"},"image":{"@id":"https:\/\/radis.ee\/#\/schema\/logo\/image\/"},"sameAs":["https:\/\/www.facebook.com\/radisfurniture\/"]}]}},"_links":{"self":[{"href":"https:\/\/radis.ee\/de\/wp-json\/wp\/v2\/product\/25250","targetHints":{"allow":["GET"]}}],"collection":[{"href":"https:\/\/radis.ee\/de\/wp-json\/wp\/v2\/product"}],"about":[{"href":"https:\/\/radis.ee\/de\/wp-json\/wp\/v2\/types\/product"}],"replies":[{"embeddable":true,"href":"https:\/\/radis.ee\/de\/wp-json\/wp\/v2\/comments?post=25250"}],"wp:featuredmedia":[{"embeddable":true,"href":"https:\/\/radis.ee\/de\/wp-json\/wp\/v2\/media\/25296"}],"wp:attachment":[{"href":"https:\/\/radis.ee\/de\/wp-json\/wp\/v2\/media?parent=25250"}],"wp:term":[{"taxonomy":"product_brand","embeddable":true,"href":"https:\/\/radis.ee\/de\/wp-json\/wp\/v2\/product_brand?post=25250"},{"taxonomy":"product_cat","embeddable":true,"href":"https:\/\/radis.ee\/de\/wp-json\/wp\/v2\/product_cat?post=25250"},{"taxonomy":"product_tag","embeddable":true,"href":"https:\/\/radis.ee\/de\/wp-json\/wp\/v2\/product_tag?post=25250"}],"curies":[{"name":"wp","href":"https:\/\/api.w.org\/{rel}","templated":true}]}}