{"id":25412,"date":"2023-06-29T21:18:32","date_gmt":"2023-06-29T18:18:32","guid":{"rendered":"https:\/\/radis.ee\/?post_type=product&#038;p=25412"},"modified":"2024-05-09T13:06:57","modified_gmt":"2024-05-09T10:06:57","slug":"regal-grid-mit-tueren","status":"publish","type":"product","link":"https:\/\/radis.ee\/de\/regal-grid-mit-tueren\/","title":{"rendered":"Regal GRID mit T\u00fcren"},"content":{"rendered":"<p>Symmetrie hat etwas so Entspannendes, nicht wahr? GRID ist ein Regal mit nahezu perfekter Symmetrie und Ausgewogenheit. Jetzt auch mit T\u00fcren erh\u00e4ltlich.<\/p>\n<p>GRID ist in in verschiedenen Gr\u00f6\u00dfen erh\u00e4ltlich, wodurch es sowohl f\u00fcr kleinere R\u00e4ume als auch f\u00fcr ger\u00e4umigere Wohnungen geeignet ist. Sie k\u00f6nnen es als Raumteiler verwenden, als B\u00fccherregal, um Ihrem Wohnzimmer Gem\u00fctlichkeit zu verleihen, um Ihre Schallplatten oder alle notwendigen Dokumente in Ihrem B\u00fcro aufzubewahren. Die Regalabmessungen betragen 33 x 33 cm, sodass alle Ordner gut hineinpassen. Um etwas Charakter hinzuzuf\u00fcgen, ist eines der Regale schmaler gehalten.<\/p>\n<p>Erh\u00e4ltlich in folgenden Abmessungen:<\/p>\n<ul>\n<li>3 \u00d7 6 &#8211; H\u00f6he 95 cm, Breite 191 cm<\/li>\n<li>6 \u00d7 3 &#8211; H\u00f6he 200 cm, Breite 88 cm<\/li>\n<li>6 \u00d7 4 &#8211; H\u00f6he 200 cm, Breite 123 cm<\/li>\n<li>6 \u00d7 6 &#8211; H\u00f6he 200 cm, Breite 191 cm<\/li>\n<li>7 \u00d7 5 &#8211; H\u00f6he 222 cm, Breite 144 cm<\/li>\n<li>8 \u00d7 5 &#8211; H\u00f6he 257 cm, Breite 144 cm<\/li>\n<li>8 \u00d7 8 &#8211; H\u00f6he 257 cm, Breite 249 cm<\/li>\n<\/ul>\n<p>GRID besteht aus umweltfreundlichem laminiertem Sperrholz von Koskisen HPL, Sperrholz mit Eichenfurnier und Forescolor-Valchromat (Organisch gef\u00e4rbte durchgehende Holzfaserplatte), \u00f6lgewachst. Das Regal hat unten einen 8 cm hohen Sockel, um verschiedene Fu\u00dfleisten zu montieren. Die Steifigkeit wird durch die R\u00fcckw\u00e4nde in den Au\u00dfenecken aufrechterhalten. Die Au\u00dfenseiten werden mit D\u00fcbeln und Exzentern befestigt, die Innenseiten mit Gelenken.<\/p>\n","protected":false},"excerpt":{"rendered":"<p>Symmetrie hat etwas so Entspannendes, nicht wahr? GRID ist ein Regal mit nahezu perfekter Symmetrie und Ausgewogenheit. Jetzt auch mit T\u00fcren erh\u00e4ltlich. GRID ist in in verschiedenen Gr\u00f6\u00dfen erh\u00e4ltlich, wodurch es sowohl f\u00fcr kleinere R\u00e4ume als auch f\u00fcr ger\u00e4umigere Wohnungen geeignet ist. Sie k\u00f6nnen es als Raumteiler verwenden, als B\u00fccherregal, um Ihrem Wohnzimmer Gem\u00fctlichkeit zu&#8230;<\/p>\n","protected":false},"featured_media":25704,"comment_status":"open","ping_status":"closed","template":"","meta":{"_acf_changed":false},"product_brand":[],"product_cat":[109],"product_tag":[],"class_list":{"0":"post-25412","1":"product","2":"type-product","3":"status-publish","4":"has-post-thumbnail","6":"product_cat-riiulid","8":"first","9":"instock","10":"sale","11":"taxable","12":"shipping-taxable","13":"purchasable","14":"product-type-variable","15":"has-default-attributes"},"acf":[],"yoast_head":"<!-- This site is optimized with the Yoast SEO plugin v27.5 - https:\/\/yoast.com\/product\/yoast-seo-wordpress\/ -->\n<title>Regal GRID mit T\u00fcren - Radis<\/title>\n<meta name=\"robots\" content=\"index, follow, max-snippet:-1, max-image-preview:large, max-video-preview:-1\" \/>\n<link rel=\"canonical\" href=\"https:\/\/radis.ee\/de\/regal-grid-mit-tueren\/\" \/>\n<meta property=\"og:locale\" content=\"de_DE\" \/>\n<meta property=\"og:type\" content=\"article\" \/>\n<meta property=\"og:title\" content=\"Regal GRID mit T\u00fcren - Radis\" \/>\n<meta property=\"og:description\" content=\"Symmetrie hat etwas so Entspannendes, nicht wahr? GRID ist ein Regal mit nahezu perfekter Symmetrie und Ausgewogenheit. Jetzt auch mit T\u00fcren erh\u00e4ltlich. GRID ist in in verschiedenen Gr\u00f6\u00dfen erh\u00e4ltlich, wodurch es sowohl f\u00fcr kleinere R\u00e4ume als auch f\u00fcr ger\u00e4umigere Wohnungen geeignet ist. Sie k\u00f6nnen es als Raumteiler verwenden, als B\u00fccherregal, um Ihrem Wohnzimmer Gem\u00fctlichkeit zu...\" \/>\n<meta property=\"og:url\" content=\"https:\/\/radis.ee\/de\/regal-grid-mit-tueren\/\" \/>\n<meta property=\"og:site_name\" content=\"Radis\" \/>\n<meta property=\"article:publisher\" content=\"https:\/\/www.facebook.com\/radisfurniture\/\" \/>\n<meta property=\"article:modified_time\" content=\"2024-05-09T10:06:57+00:00\" \/>\n<meta property=\"og:image\" content=\"https:\/\/radis.ee\/wp-content\/uploads\/2023\/06\/Radis_shelf_GRID_7x5_with_doors_Oak_veneered_plywood_white.jpg\" \/>\n\t<meta property=\"og:image:width\" content=\"1082\" \/>\n\t<meta property=\"og:image:height\" content=\"1303\" \/>\n\t<meta property=\"og:image:type\" content=\"image\/jpeg\" \/>\n<meta name=\"twitter:card\" content=\"summary_large_image\" \/>\n<meta name=\"twitter:label1\" content=\"Gesch\u00e4tzte Lesezeit\" \/>\n\t<meta name=\"twitter:data1\" content=\"2\u00a0Minuten\" \/>\n<script type=\"application\/ld+json\" class=\"yoast-schema-graph\">{\"@context\":\"https:\\\/\\\/schema.org\",\"@graph\":[{\"@type\":\"WebPage\",\"@id\":\"https:\\\/\\\/radis.ee\\\/de\\\/regal-grid-mit-tueren\\\/\",\"url\":\"https:\\\/\\\/radis.ee\\\/de\\\/regal-grid-mit-tueren\\\/\",\"name\":\"Regal GRID mit T\u00fcren - Radis\",\"isPartOf\":{\"@id\":\"https:\\\/\\\/radis.ee\\\/#website\"},\"primaryImageOfPage\":{\"@id\":\"https:\\\/\\\/radis.ee\\\/de\\\/regal-grid-mit-tueren\\\/#primaryimage\"},\"image\":{\"@id\":\"https:\\\/\\\/radis.ee\\\/de\\\/regal-grid-mit-tueren\\\/#primaryimage\"},\"thumbnailUrl\":\"https:\\\/\\\/radis.ee\\\/wp-content\\\/uploads\\\/2023\\\/06\\\/Radis_shelf_GRID_7x5_with_doors_Oak_veneered_plywood_white.jpg\",\"datePublished\":\"2023-06-29T18:18:32+00:00\",\"dateModified\":\"2024-05-09T10:06:57+00:00\",\"breadcrumb\":{\"@id\":\"https:\\\/\\\/radis.ee\\\/de\\\/regal-grid-mit-tueren\\\/#breadcrumb\"},\"inLanguage\":\"de\",\"potentialAction\":[{\"@type\":\"ReadAction\",\"target\":[\"https:\\\/\\\/radis.ee\\\/de\\\/regal-grid-mit-tueren\\\/\"]}]},{\"@type\":\"ImageObject\",\"inLanguage\":\"de\",\"@id\":\"https:\\\/\\\/radis.ee\\\/de\\\/regal-grid-mit-tueren\\\/#primaryimage\",\"url\":\"https:\\\/\\\/radis.ee\\\/wp-content\\\/uploads\\\/2023\\\/06\\\/Radis_shelf_GRID_7x5_with_doors_Oak_veneered_plywood_white.jpg\",\"contentUrl\":\"https:\\\/\\\/radis.ee\\\/wp-content\\\/uploads\\\/2023\\\/06\\\/Radis_shelf_GRID_7x5_with_doors_Oak_veneered_plywood_white.jpg\",\"width\":1082,\"height\":1303,\"caption\":\"Radis shelf GRID 7x5 with doors Oak veneered\"},{\"@type\":\"BreadcrumbList\",\"@id\":\"https:\\\/\\\/radis.ee\\\/de\\\/regal-grid-mit-tueren\\\/#breadcrumb\",\"itemListElement\":[{\"@type\":\"ListItem\",\"position\":1,\"name\":\"Home\",\"item\":\"https:\\\/\\\/radis.ee\\\/\"},{\"@type\":\"ListItem\",\"position\":2,\"name\":\"Produkte\",\"item\":\"https:\\\/\\\/radis.ee\\\/de\\\/produkte\\\/\"},{\"@type\":\"ListItem\",\"position\":3,\"name\":\"Regal GRID mit T\u00fcren\"}]},{\"@type\":\"WebSite\",\"@id\":\"https:\\\/\\\/radis.ee\\\/#website\",\"url\":\"https:\\\/\\\/radis.ee\\\/\",\"name\":\"Radis\",\"description\":\"Nordic design furniture, environmentally friendly and sustainable.\",\"publisher\":{\"@id\":\"https:\\\/\\\/radis.ee\\\/#organization\"},\"potentialAction\":[{\"@type\":\"SearchAction\",\"target\":{\"@type\":\"EntryPoint\",\"urlTemplate\":\"https:\\\/\\\/radis.ee\\\/?s={search_term_string}\"},\"query-input\":{\"@type\":\"PropertyValueSpecification\",\"valueRequired\":true,\"valueName\":\"search_term_string\"}}],\"inLanguage\":\"de\"},{\"@type\":\"Organization\",\"@id\":\"https:\\\/\\\/radis.ee\\\/#organization\",\"name\":\"Radis O\u00dc\",\"url\":\"https:\\\/\\\/radis.ee\\\/\",\"logo\":{\"@type\":\"ImageObject\",\"inLanguage\":\"de\",\"@id\":\"https:\\\/\\\/radis.ee\\\/#\\\/schema\\\/logo\\\/image\\\/\",\"url\":\"https:\\\/\\\/radis.ee\\\/wp-content\\\/uploads\\\/2020\\\/10\\\/Radis-logo.png\",\"contentUrl\":\"https:\\\/\\\/radis.ee\\\/wp-content\\\/uploads\\\/2020\\\/10\\\/Radis-logo.png\",\"width\":300,\"height\":63,\"caption\":\"Radis O\u00dc\"},\"image\":{\"@id\":\"https:\\\/\\\/radis.ee\\\/#\\\/schema\\\/logo\\\/image\\\/\"},\"sameAs\":[\"https:\\\/\\\/www.facebook.com\\\/radisfurniture\\\/\"]}]}<\/script>\n<!-- \/ Yoast SEO plugin. -->","yoast_head_json":{"title":"Regal GRID mit T\u00fcren - Radis","robots":{"index":"index","follow":"follow","max-snippet":"max-snippet:-1","max-image-preview":"max-image-preview:large","max-video-preview":"max-video-preview:-1"},"canonical":"https:\/\/radis.ee\/de\/regal-grid-mit-tueren\/","og_locale":"de_DE","og_type":"article","og_title":"Regal GRID mit T\u00fcren - Radis","og_description":"Symmetrie hat etwas so Entspannendes, nicht wahr? GRID ist ein Regal mit nahezu perfekter Symmetrie und Ausgewogenheit. Jetzt auch mit T\u00fcren erh\u00e4ltlich. GRID ist in in verschiedenen Gr\u00f6\u00dfen erh\u00e4ltlich, wodurch es sowohl f\u00fcr kleinere R\u00e4ume als auch f\u00fcr ger\u00e4umigere Wohnungen geeignet ist. Sie k\u00f6nnen es als Raumteiler verwenden, als B\u00fccherregal, um Ihrem Wohnzimmer Gem\u00fctlichkeit zu...","og_url":"https:\/\/radis.ee\/de\/regal-grid-mit-tueren\/","og_site_name":"Radis","article_publisher":"https:\/\/www.facebook.com\/radisfurniture\/","article_modified_time":"2024-05-09T10:06:57+00:00","og_image":[{"width":1082,"height":1303,"url":"https:\/\/radis.ee\/wp-content\/uploads\/2023\/06\/Radis_shelf_GRID_7x5_with_doors_Oak_veneered_plywood_white.jpg","type":"image\/jpeg"}],"twitter_card":"summary_large_image","twitter_misc":{"Gesch\u00e4tzte Lesezeit":"2\u00a0Minuten"},"schema":{"@context":"https:\/\/schema.org","@graph":[{"@type":"WebPage","@id":"https:\/\/radis.ee\/de\/regal-grid-mit-tueren\/","url":"https:\/\/radis.ee\/de\/regal-grid-mit-tueren\/","name":"Regal GRID mit T\u00fcren - Radis","isPartOf":{"@id":"https:\/\/radis.ee\/#website"},"primaryImageOfPage":{"@id":"https:\/\/radis.ee\/de\/regal-grid-mit-tueren\/#primaryimage"},"image":{"@id":"https:\/\/radis.ee\/de\/regal-grid-mit-tueren\/#primaryimage"},"thumbnailUrl":"https:\/\/radis.ee\/wp-content\/uploads\/2023\/06\/Radis_shelf_GRID_7x5_with_doors_Oak_veneered_plywood_white.jpg","datePublished":"2023-06-29T18:18:32+00:00","dateModified":"2024-05-09T10:06:57+00:00","breadcrumb":{"@id":"https:\/\/radis.ee\/de\/regal-grid-mit-tueren\/#breadcrumb"},"inLanguage":"de","potentialAction":[{"@type":"ReadAction","target":["https:\/\/radis.ee\/de\/regal-grid-mit-tueren\/"]}]},{"@type":"ImageObject","inLanguage":"de","@id":"https:\/\/radis.ee\/de\/regal-grid-mit-tueren\/#primaryimage","url":"https:\/\/radis.ee\/wp-content\/uploads\/2023\/06\/Radis_shelf_GRID_7x5_with_doors_Oak_veneered_plywood_white.jpg","contentUrl":"https:\/\/radis.ee\/wp-content\/uploads\/2023\/06\/Radis_shelf_GRID_7x5_with_doors_Oak_veneered_plywood_white.jpg","width":1082,"height":1303,"caption":"Radis shelf GRID 7x5 with doors Oak veneered"},{"@type":"BreadcrumbList","@id":"https:\/\/radis.ee\/de\/regal-grid-mit-tueren\/#breadcrumb","itemListElement":[{"@type":"ListItem","position":1,"name":"Home","item":"https:\/\/radis.ee\/"},{"@type":"ListItem","position":2,"name":"Produkte","item":"https:\/\/radis.ee\/de\/produkte\/"},{"@type":"ListItem","position":3,"name":"Regal GRID mit T\u00fcren"}]},{"@type":"WebSite","@id":"https:\/\/radis.ee\/#website","url":"https:\/\/radis.ee\/","name":"Radis","description":"Nordic design furniture, environmentally friendly and sustainable.","publisher":{"@id":"https:\/\/radis.ee\/#organization"},"potentialAction":[{"@type":"SearchAction","target":{"@type":"EntryPoint","urlTemplate":"https:\/\/radis.ee\/?s={search_term_string}"},"query-input":{"@type":"PropertyValueSpecification","valueRequired":true,"valueName":"search_term_string"}}],"inLanguage":"de"},{"@type":"Organization","@id":"https:\/\/radis.ee\/#organization","name":"Radis O\u00dc","url":"https:\/\/radis.ee\/","logo":{"@type":"ImageObject","inLanguage":"de","@id":"https:\/\/radis.ee\/#\/schema\/logo\/image\/","url":"https:\/\/radis.ee\/wp-content\/uploads\/2020\/10\/Radis-logo.png","contentUrl":"https:\/\/radis.ee\/wp-content\/uploads\/2020\/10\/Radis-logo.png","width":300,"height":63,"caption":"Radis O\u00dc"},"image":{"@id":"https:\/\/radis.ee\/#\/schema\/logo\/image\/"},"sameAs":["https:\/\/www.facebook.com\/radisfurniture\/"]}]}},"_links":{"self":[{"href":"https:\/\/radis.ee\/de\/wp-json\/wp\/v2\/product\/25412","targetHints":{"allow":["GET"]}}],"collection":[{"href":"https:\/\/radis.ee\/de\/wp-json\/wp\/v2\/product"}],"about":[{"href":"https:\/\/radis.ee\/de\/wp-json\/wp\/v2\/types\/product"}],"replies":[{"embeddable":true,"href":"https:\/\/radis.ee\/de\/wp-json\/wp\/v2\/comments?post=25412"}],"wp:featuredmedia":[{"embeddable":true,"href":"https:\/\/radis.ee\/de\/wp-json\/wp\/v2\/media\/25704"}],"wp:attachment":[{"href":"https:\/\/radis.ee\/de\/wp-json\/wp\/v2\/media?parent=25412"}],"wp:term":[{"taxonomy":"product_brand","embeddable":true,"href":"https:\/\/radis.ee\/de\/wp-json\/wp\/v2\/product_brand?post=25412"},{"taxonomy":"product_cat","embeddable":true,"href":"https:\/\/radis.ee\/de\/wp-json\/wp\/v2\/product_cat?post=25412"},{"taxonomy":"product_tag","embeddable":true,"href":"https:\/\/radis.ee\/de\/wp-json\/wp\/v2\/product_tag?post=25412"}],"curies":[{"name":"wp","href":"https:\/\/api.w.org\/{rel}","templated":true}]}}