{"id":26329,"date":"2024-04-01T17:59:20","date_gmt":"2024-04-01T14:59:21","guid":{"rendered":"https:\/\/radis.ee\/?post_type=product&#038;p=26329"},"modified":"2024-04-05T20:35:42","modified_gmt":"2024-04-05T17:35:42","slug":"wandmontierter-tv-staender-floaty","status":"publish","type":"product","link":"https:\/\/radis.ee\/de\/wandmontierter-tv-staender-floaty\/","title":{"rendered":"Wandmontierter TV-St\u00e4nder FLOATY"},"content":{"rendered":"<p>Wie die besten Tr\u00e4ume schwebt der TV-Tisch FLOATY in der Luft. Es hat keine Beine und kann direkt an der Wand installiert werden.<\/p>\n<p>Aufgrund seiner geringen Tiefe und H\u00f6he nimmt er nicht viel Platz im Wohnzimmer ein, erf\u00fcllt aber dennoch seine vorgesehene Funktion sehr gut. Der TV-St\u00e4nder verf\u00fcgt \u00fcber mehrere L\u00f6cher mit einem Durchmesser von 4 cm zur einfachen Montage von Kabeln \u2013 sowohl an der Decke und am Boden als auch an den Innenw\u00e4nden. Zwei Schiebet\u00fcren mit Rippen, in deren Raum sich beispielsweise eine TV-Fernbedienung oder andere kleinere Gegenst\u00e4nde verstauen lassen.<\/p>\n<p>Der an der Wand h\u00e4ngende Fernseher FLOATY ist in drei verschiedenen Breiten (120\u2013150\u2013180 cm) erh\u00e4ltlich, sodass Sie ganz einfach die Gr\u00f6\u00dfe finden, die am besten zu Ihrem Raum passt. Sie k\u00f6nnen f\u00fcr FLOATY aus verschiedenen Oberfl\u00e4chen w\u00e4hlen \u2013 Eichenfurnier oder HPL-beschichtetes Sperrholz, au\u00dferdem Birkensperrholz Kieselgrau und Helle Eiche mit \u00d6lwachs.<\/p>\n<p>Die Tiefe des TV-St\u00e4nders betr\u00e4gt 24 cm, die Innenh\u00f6he des Schranks betr\u00e4gt 16 cm.<\/p>\n","protected":false},"excerpt":{"rendered":"<p>Wie die besten Tr\u00e4ume schwebt der TV-Tisch FLOATY in der Luft. Es hat keine Beine und kann direkt an der Wand installiert werden. Aufgrund seiner geringen Tiefe und H\u00f6he nimmt er nicht viel Platz im Wohnzimmer ein, erf\u00fcllt aber dennoch seine vorgesehene Funktion sehr gut. Der TV-St\u00e4nder verf\u00fcgt \u00fcber mehrere L\u00f6cher mit einem Durchmesser von&#8230;<\/p>\n","protected":false},"featured_media":26676,"comment_status":"open","ping_status":"closed","template":"","meta":{"_acf_changed":false},"product_brand":[],"product_cat":[112],"product_tag":[],"class_list":{"0":"post-26329","1":"product","2":"type-product","3":"status-publish","4":"has-post-thumbnail","6":"product_cat-tv-alused","8":"first","9":"instock","10":"sale","11":"taxable","12":"shipping-taxable","13":"purchasable","14":"product-type-variable","15":"has-default-attributes"},"acf":[],"yoast_head":"<!-- This site is optimized with the Yoast SEO plugin v27.5 - https:\/\/yoast.com\/product\/yoast-seo-wordpress\/ -->\n<title>Wandmontierter TV-St\u00e4nder FLOATY - Radis<\/title>\n<meta name=\"robots\" content=\"index, follow, max-snippet:-1, max-image-preview:large, max-video-preview:-1\" \/>\n<link rel=\"canonical\" href=\"https:\/\/radis.ee\/seinapealne-tv-alus-floaty\/\" \/>\n<meta property=\"og:locale\" content=\"de_DE\" \/>\n<meta property=\"og:type\" content=\"article\" \/>\n<meta property=\"og:title\" content=\"Wandmontierter TV-St\u00e4nder FLOATY - Radis\" \/>\n<meta property=\"og:description\" content=\"Wie die besten Tr\u00e4ume schwebt der TV-Tisch FLOATY in der Luft. Es hat keine Beine und kann direkt an der Wand installiert werden. Aufgrund seiner geringen Tiefe und H\u00f6he nimmt er nicht viel Platz im Wohnzimmer ein, erf\u00fcllt aber dennoch seine vorgesehene Funktion sehr gut. Der TV-St\u00e4nder verf\u00fcgt \u00fcber mehrere L\u00f6cher mit einem Durchmesser von...\" \/>\n<meta property=\"og:url\" content=\"https:\/\/radis.ee\/seinapealne-tv-alus-floaty\/\" \/>\n<meta property=\"og:site_name\" content=\"Radis\" \/>\n<meta property=\"article:publisher\" content=\"https:\/\/www.facebook.com\/radisfurniture\/\" \/>\n<meta property=\"article:modified_time\" content=\"2024-04-05T17:35:42+00:00\" \/>\n<meta property=\"og:image\" content=\"https:\/\/radis.ee\/wp-content\/uploads\/2024\/04\/RADIS_wall_mounted_TV_stand_FLOATY_white_background_2.jpg\" \/>\n\t<meta property=\"og:image:width\" content=\"1060\" \/>\n\t<meta property=\"og:image:height\" content=\"1263\" \/>\n\t<meta property=\"og:image:type\" content=\"image\/jpeg\" \/>\n<meta name=\"twitter:card\" content=\"summary_large_image\" \/>\n<meta name=\"twitter:label1\" content=\"Gesch\u00e4tzte Lesezeit\" \/>\n\t<meta name=\"twitter:data1\" content=\"2\u00a0Minuten\" \/>\n<script type=\"application\/ld+json\" class=\"yoast-schema-graph\">{\"@context\":\"https:\\\/\\\/schema.org\",\"@graph\":[{\"@type\":\"WebPage\",\"@id\":\"https:\\\/\\\/radis.ee\\\/seinapealne-tv-alus-floaty\\\/\",\"url\":\"https:\\\/\\\/radis.ee\\\/seinapealne-tv-alus-floaty\\\/\",\"name\":\"Wandmontierter TV-St\u00e4nder FLOATY - Radis\",\"isPartOf\":{\"@id\":\"https:\\\/\\\/radis.ee\\\/#website\"},\"primaryImageOfPage\":{\"@id\":\"https:\\\/\\\/radis.ee\\\/seinapealne-tv-alus-floaty\\\/#primaryimage\"},\"image\":{\"@id\":\"https:\\\/\\\/radis.ee\\\/seinapealne-tv-alus-floaty\\\/#primaryimage\"},\"thumbnailUrl\":\"https:\\\/\\\/radis.ee\\\/wp-content\\\/uploads\\\/2024\\\/04\\\/RADIS_wall_mounted_TV_stand_FLOATY_white_background_2.jpg\",\"datePublished\":\"2024-04-01T14:59:21+00:00\",\"dateModified\":\"2024-04-05T17:35:42+00:00\",\"breadcrumb\":{\"@id\":\"https:\\\/\\\/radis.ee\\\/seinapealne-tv-alus-floaty\\\/#breadcrumb\"},\"inLanguage\":\"de\",\"potentialAction\":[{\"@type\":\"ReadAction\",\"target\":[\"https:\\\/\\\/radis.ee\\\/seinapealne-tv-alus-floaty\\\/\"]}]},{\"@type\":\"ImageObject\",\"inLanguage\":\"de\",\"@id\":\"https:\\\/\\\/radis.ee\\\/seinapealne-tv-alus-floaty\\\/#primaryimage\",\"url\":\"https:\\\/\\\/radis.ee\\\/wp-content\\\/uploads\\\/2024\\\/04\\\/RADIS_wall_mounted_TV_stand_FLOATY_white_background_2.jpg\",\"contentUrl\":\"https:\\\/\\\/radis.ee\\\/wp-content\\\/uploads\\\/2024\\\/04\\\/RADIS_wall_mounted_TV_stand_FLOATY_white_background_2.jpg\",\"width\":1060,\"height\":1263,\"caption\":\"RADIS TV-stand FLOATY Oak veneered plywood\"},{\"@type\":\"BreadcrumbList\",\"@id\":\"https:\\\/\\\/radis.ee\\\/seinapealne-tv-alus-floaty\\\/#breadcrumb\",\"itemListElement\":[{\"@type\":\"ListItem\",\"position\":1,\"name\":\"Home\",\"item\":\"https:\\\/\\\/radis.ee\\\/\"},{\"@type\":\"ListItem\",\"position\":2,\"name\":\"Produkte\",\"item\":\"https:\\\/\\\/radis.ee\\\/de\\\/produkte\\\/\"},{\"@type\":\"ListItem\",\"position\":3,\"name\":\"Wandmontierter TV-St\u00e4nder FLOATY\"}]},{\"@type\":\"WebSite\",\"@id\":\"https:\\\/\\\/radis.ee\\\/#website\",\"url\":\"https:\\\/\\\/radis.ee\\\/\",\"name\":\"Radis\",\"description\":\"Nordic design furniture, environmentally friendly and sustainable.\",\"publisher\":{\"@id\":\"https:\\\/\\\/radis.ee\\\/#organization\"},\"potentialAction\":[{\"@type\":\"SearchAction\",\"target\":{\"@type\":\"EntryPoint\",\"urlTemplate\":\"https:\\\/\\\/radis.ee\\\/?s={search_term_string}\"},\"query-input\":{\"@type\":\"PropertyValueSpecification\",\"valueRequired\":true,\"valueName\":\"search_term_string\"}}],\"inLanguage\":\"de\"},{\"@type\":\"Organization\",\"@id\":\"https:\\\/\\\/radis.ee\\\/#organization\",\"name\":\"Radis O\u00dc\",\"url\":\"https:\\\/\\\/radis.ee\\\/\",\"logo\":{\"@type\":\"ImageObject\",\"inLanguage\":\"de\",\"@id\":\"https:\\\/\\\/radis.ee\\\/#\\\/schema\\\/logo\\\/image\\\/\",\"url\":\"https:\\\/\\\/radis.ee\\\/wp-content\\\/uploads\\\/2020\\\/10\\\/Radis-logo.png\",\"contentUrl\":\"https:\\\/\\\/radis.ee\\\/wp-content\\\/uploads\\\/2020\\\/10\\\/Radis-logo.png\",\"width\":300,\"height\":63,\"caption\":\"Radis O\u00dc\"},\"image\":{\"@id\":\"https:\\\/\\\/radis.ee\\\/#\\\/schema\\\/logo\\\/image\\\/\"},\"sameAs\":[\"https:\\\/\\\/www.facebook.com\\\/radisfurniture\\\/\"]}]}<\/script>\n<!-- \/ Yoast SEO plugin. -->","yoast_head_json":{"title":"Wandmontierter TV-St\u00e4nder FLOATY - Radis","robots":{"index":"index","follow":"follow","max-snippet":"max-snippet:-1","max-image-preview":"max-image-preview:large","max-video-preview":"max-video-preview:-1"},"canonical":"https:\/\/radis.ee\/seinapealne-tv-alus-floaty\/","og_locale":"de_DE","og_type":"article","og_title":"Wandmontierter TV-St\u00e4nder FLOATY - Radis","og_description":"Wie die besten Tr\u00e4ume schwebt der TV-Tisch FLOATY in der Luft. Es hat keine Beine und kann direkt an der Wand installiert werden. Aufgrund seiner geringen Tiefe und H\u00f6he nimmt er nicht viel Platz im Wohnzimmer ein, erf\u00fcllt aber dennoch seine vorgesehene Funktion sehr gut. Der TV-St\u00e4nder verf\u00fcgt \u00fcber mehrere L\u00f6cher mit einem Durchmesser von...","og_url":"https:\/\/radis.ee\/seinapealne-tv-alus-floaty\/","og_site_name":"Radis","article_publisher":"https:\/\/www.facebook.com\/radisfurniture\/","article_modified_time":"2024-04-05T17:35:42+00:00","og_image":[{"width":1060,"height":1263,"url":"https:\/\/radis.ee\/wp-content\/uploads\/2024\/04\/RADIS_wall_mounted_TV_stand_FLOATY_white_background_2.jpg","type":"image\/jpeg"}],"twitter_card":"summary_large_image","twitter_misc":{"Gesch\u00e4tzte Lesezeit":"2\u00a0Minuten"},"schema":{"@context":"https:\/\/schema.org","@graph":[{"@type":"WebPage","@id":"https:\/\/radis.ee\/seinapealne-tv-alus-floaty\/","url":"https:\/\/radis.ee\/seinapealne-tv-alus-floaty\/","name":"Wandmontierter TV-St\u00e4nder FLOATY - Radis","isPartOf":{"@id":"https:\/\/radis.ee\/#website"},"primaryImageOfPage":{"@id":"https:\/\/radis.ee\/seinapealne-tv-alus-floaty\/#primaryimage"},"image":{"@id":"https:\/\/radis.ee\/seinapealne-tv-alus-floaty\/#primaryimage"},"thumbnailUrl":"https:\/\/radis.ee\/wp-content\/uploads\/2024\/04\/RADIS_wall_mounted_TV_stand_FLOATY_white_background_2.jpg","datePublished":"2024-04-01T14:59:21+00:00","dateModified":"2024-04-05T17:35:42+00:00","breadcrumb":{"@id":"https:\/\/radis.ee\/seinapealne-tv-alus-floaty\/#breadcrumb"},"inLanguage":"de","potentialAction":[{"@type":"ReadAction","target":["https:\/\/radis.ee\/seinapealne-tv-alus-floaty\/"]}]},{"@type":"ImageObject","inLanguage":"de","@id":"https:\/\/radis.ee\/seinapealne-tv-alus-floaty\/#primaryimage","url":"https:\/\/radis.ee\/wp-content\/uploads\/2024\/04\/RADIS_wall_mounted_TV_stand_FLOATY_white_background_2.jpg","contentUrl":"https:\/\/radis.ee\/wp-content\/uploads\/2024\/04\/RADIS_wall_mounted_TV_stand_FLOATY_white_background_2.jpg","width":1060,"height":1263,"caption":"RADIS TV-stand FLOATY Oak veneered plywood"},{"@type":"BreadcrumbList","@id":"https:\/\/radis.ee\/seinapealne-tv-alus-floaty\/#breadcrumb","itemListElement":[{"@type":"ListItem","position":1,"name":"Home","item":"https:\/\/radis.ee\/"},{"@type":"ListItem","position":2,"name":"Produkte","item":"https:\/\/radis.ee\/de\/produkte\/"},{"@type":"ListItem","position":3,"name":"Wandmontierter TV-St\u00e4nder FLOATY"}]},{"@type":"WebSite","@id":"https:\/\/radis.ee\/#website","url":"https:\/\/radis.ee\/","name":"Radis","description":"Nordic design furniture, environmentally friendly and sustainable.","publisher":{"@id":"https:\/\/radis.ee\/#organization"},"potentialAction":[{"@type":"SearchAction","target":{"@type":"EntryPoint","urlTemplate":"https:\/\/radis.ee\/?s={search_term_string}"},"query-input":{"@type":"PropertyValueSpecification","valueRequired":true,"valueName":"search_term_string"}}],"inLanguage":"de"},{"@type":"Organization","@id":"https:\/\/radis.ee\/#organization","name":"Radis O\u00dc","url":"https:\/\/radis.ee\/","logo":{"@type":"ImageObject","inLanguage":"de","@id":"https:\/\/radis.ee\/#\/schema\/logo\/image\/","url":"https:\/\/radis.ee\/wp-content\/uploads\/2020\/10\/Radis-logo.png","contentUrl":"https:\/\/radis.ee\/wp-content\/uploads\/2020\/10\/Radis-logo.png","width":300,"height":63,"caption":"Radis O\u00dc"},"image":{"@id":"https:\/\/radis.ee\/#\/schema\/logo\/image\/"},"sameAs":["https:\/\/www.facebook.com\/radisfurniture\/"]}]}},"_links":{"self":[{"href":"https:\/\/radis.ee\/de\/wp-json\/wp\/v2\/product\/26329","targetHints":{"allow":["GET"]}}],"collection":[{"href":"https:\/\/radis.ee\/de\/wp-json\/wp\/v2\/product"}],"about":[{"href":"https:\/\/radis.ee\/de\/wp-json\/wp\/v2\/types\/product"}],"replies":[{"embeddable":true,"href":"https:\/\/radis.ee\/de\/wp-json\/wp\/v2\/comments?post=26329"}],"wp:featuredmedia":[{"embeddable":true,"href":"https:\/\/radis.ee\/de\/wp-json\/wp\/v2\/media\/26676"}],"wp:attachment":[{"href":"https:\/\/radis.ee\/de\/wp-json\/wp\/v2\/media?parent=26329"}],"wp:term":[{"taxonomy":"product_brand","embeddable":true,"href":"https:\/\/radis.ee\/de\/wp-json\/wp\/v2\/product_brand?post=26329"},{"taxonomy":"product_cat","embeddable":true,"href":"https:\/\/radis.ee\/de\/wp-json\/wp\/v2\/product_cat?post=26329"},{"taxonomy":"product_tag","embeddable":true,"href":"https:\/\/radis.ee\/de\/wp-json\/wp\/v2\/product_tag?post=26329"}],"curies":[{"name":"wp","href":"https:\/\/api.w.org\/{rel}","templated":true}]}}