{"id":5667,"date":"2019-10-28T21:58:01","date_gmt":"2020-10-28T19:58:01","guid":{"rendered":"https:\/\/radis.ee\/regal-maze\/"},"modified":"2022-01-18T11:29:02","modified_gmt":"2022-01-18T09:29:02","slug":"regal-tower","status":"publish","type":"product","link":"https:\/\/radis.ee\/de\/regal-tower\/","title":{"rendered":"Regal TOWER"},"content":{"rendered":"<p>Das Tower-Regal ist ein gewagter Platzsparer f\u00fcr alle, die Wert auf ger\u00e4umige und luftige Innenr\u00e4ume legen.<\/p>\n<p>Sie k\u00f6nnen das Regal in der Breite aufbauen, indem Sie Regale und Schr\u00e4nke hinzuf\u00fcgen und alles entweder in den offenen Regalen oder hinter den Schrankt\u00fcren verstauen.<\/p>\n<p>Tower-Regal ist ein k\u00fchner Platzsparer f\u00fcr alle, die Wert auf ger\u00e4umige und luftige Innenr\u00e4ume legen.<\/p>\n<p>Das Tower-Regal verf\u00fcgt \u00fcber T\u00fcren aus Eichenfurnier sowie eine Struktur aus wei\u00dfer Folie. Soft Close T\u00fcrscharniere.<\/p>\n<p>Regale Breite 48,5 cm, Schr\u00e4nke Breite 35,5 cm. Innenschrankbreite 32,5 cm, Innenh\u00f6he 69 cm, h\u00f6henverstellbare Fachb\u00f6den innen.<\/p>\n<p>Erh\u00e4ltlich in 2 Breiten:<\/p>\n<ul>\n<li>S &#8211; klein 120 cm (2 Schr\u00e4nke und 1 Regal)<\/li>\n<li>M &#8211; mittel 204 cm (3 Schr\u00e4nke und 2 Regale)<\/li>\n<\/ul>\n","protected":false},"excerpt":{"rendered":"<p>Das Tower-Regal ist ein gewagter Platzsparer f\u00fcr alle, die Wert auf ger\u00e4umige und luftige Innenr\u00e4ume legen. Sie k\u00f6nnen das Regal in der Breite aufbauen, indem Sie Regale und Schr\u00e4nke hinzuf\u00fcgen und alles entweder in den offenen Regalen oder hinter den Schrankt\u00fcren verstauen. Tower-Regal ist ein k\u00fchner Platzsparer f\u00fcr alle, die Wert auf ger\u00e4umige und luftige&#8230;<\/p>\n","protected":false},"featured_media":13695,"comment_status":"open","ping_status":"closed","template":"","meta":{"_acf_changed":false},"product_brand":[],"product_cat":[109],"product_tag":[],"class_list":{"0":"post-5667","1":"product","2":"type-product","3":"status-publish","4":"has-post-thumbnail","6":"product_cat-riiulid","8":"first","9":"instock","10":"taxable","11":"shipping-taxable","12":"purchasable","13":"product-type-variable"},"acf":[],"yoast_head":"<!-- This site is optimized with the Yoast SEO plugin v27.4 - https:\/\/yoast.com\/product\/yoast-seo-wordpress\/ -->\n<title>Regal TOWER - Radis<\/title>\n<meta name=\"robots\" content=\"index, follow, max-snippet:-1, max-image-preview:large, max-video-preview:-1\" \/>\n<link rel=\"canonical\" href=\"https:\/\/radis.ee\/?post_type=product&p=5654\" \/>\n<meta property=\"og:locale\" content=\"de_DE\" \/>\n<meta property=\"og:type\" content=\"article\" \/>\n<meta property=\"og:title\" content=\"Regal TOWER - Radis\" \/>\n<meta property=\"og:description\" content=\"Das Tower-Regal ist ein gewagter Platzsparer f\u00fcr alle, die Wert auf ger\u00e4umige und luftige Innenr\u00e4ume legen. Sie k\u00f6nnen das Regal in der Breite aufbauen, indem Sie Regale und Schr\u00e4nke hinzuf\u00fcgen und alles entweder in den offenen Regalen oder hinter den Schrankt\u00fcren verstauen. Tower-Regal ist ein k\u00fchner Platzsparer f\u00fcr alle, die Wert auf ger\u00e4umige und luftige...\" \/>\n<meta property=\"og:url\" content=\"https:\/\/radis.ee\/?post_type=product&amp;p=5654\" \/>\n<meta property=\"og:site_name\" content=\"Radis\" \/>\n<meta property=\"article:publisher\" content=\"https:\/\/www.facebook.com\/radisfurniture\/\" \/>\n<meta property=\"article:modified_time\" content=\"2022-01-18T09:29:02+00:00\" \/>\n<meta property=\"og:image\" content=\"https:\/\/radis.ee\/wp-content\/uploads\/2019\/10\/Radis_shelf_TOWER_small-scaled.jpg\" \/>\n\t<meta property=\"og:image:width\" content=\"2143\" \/>\n\t<meta property=\"og:image:height\" content=\"2560\" \/>\n\t<meta property=\"og:image:type\" content=\"image\/jpeg\" \/>\n<meta name=\"twitter:card\" content=\"summary_large_image\" \/>\n<meta name=\"twitter:label1\" content=\"Gesch\u00e4tzte Lesezeit\" \/>\n\t<meta name=\"twitter:data1\" content=\"1\u00a0Minute\" \/>\n<script type=\"application\/ld+json\" class=\"yoast-schema-graph\">{\"@context\":\"https:\\\/\\\/schema.org\",\"@graph\":[{\"@type\":\"WebPage\",\"@id\":\"https:\\\/\\\/radis.ee\\\/?post_type=product&p=5654\",\"url\":\"https:\\\/\\\/radis.ee\\\/?post_type=product&p=5654\",\"name\":\"Regal TOWER - Radis\",\"isPartOf\":{\"@id\":\"https:\\\/\\\/radis.ee\\\/#website\"},\"primaryImageOfPage\":{\"@id\":\"https:\\\/\\\/radis.ee\\\/?post_type=product&p=5654#primaryimage\"},\"image\":{\"@id\":\"https:\\\/\\\/radis.ee\\\/?post_type=product&p=5654#primaryimage\"},\"thumbnailUrl\":\"https:\\\/\\\/radis.ee\\\/wp-content\\\/uploads\\\/2019\\\/10\\\/Radis_shelf_TOWER_small-scaled.jpg\",\"datePublished\":\"2020-10-28T19:58:01+00:00\",\"dateModified\":\"2022-01-18T09:29:02+00:00\",\"breadcrumb\":{\"@id\":\"https:\\\/\\\/radis.ee\\\/?post_type=product&p=5654#breadcrumb\"},\"inLanguage\":\"de\",\"potentialAction\":[{\"@type\":\"ReadAction\",\"target\":[\"https:\\\/\\\/radis.ee\\\/?post_type=product&p=5654\"]}]},{\"@type\":\"ImageObject\",\"inLanguage\":\"de\",\"@id\":\"https:\\\/\\\/radis.ee\\\/?post_type=product&p=5654#primaryimage\",\"url\":\"https:\\\/\\\/radis.ee\\\/wp-content\\\/uploads\\\/2019\\\/10\\\/Radis_shelf_TOWER_small-scaled.jpg\",\"contentUrl\":\"https:\\\/\\\/radis.ee\\\/wp-content\\\/uploads\\\/2019\\\/10\\\/Radis_shelf_TOWER_small-scaled.jpg\",\"width\":2143,\"height\":2560},{\"@type\":\"BreadcrumbList\",\"@id\":\"https:\\\/\\\/radis.ee\\\/?post_type=product&p=5654#breadcrumb\",\"itemListElement\":[{\"@type\":\"ListItem\",\"position\":1,\"name\":\"Home\",\"item\":\"https:\\\/\\\/radis.ee\\\/\"},{\"@type\":\"ListItem\",\"position\":2,\"name\":\"Produkte\",\"item\":\"https:\\\/\\\/radis.ee\\\/de\\\/produkte\\\/\"},{\"@type\":\"ListItem\",\"position\":3,\"name\":\"Regal TOWER\"}]},{\"@type\":\"WebSite\",\"@id\":\"https:\\\/\\\/radis.ee\\\/#website\",\"url\":\"https:\\\/\\\/radis.ee\\\/\",\"name\":\"Radis\",\"description\":\"Nordic design furniture, environmentally friendly and sustainable.\",\"publisher\":{\"@id\":\"https:\\\/\\\/radis.ee\\\/#organization\"},\"potentialAction\":[{\"@type\":\"SearchAction\",\"target\":{\"@type\":\"EntryPoint\",\"urlTemplate\":\"https:\\\/\\\/radis.ee\\\/?s={search_term_string}\"},\"query-input\":{\"@type\":\"PropertyValueSpecification\",\"valueRequired\":true,\"valueName\":\"search_term_string\"}}],\"inLanguage\":\"de\"},{\"@type\":\"Organization\",\"@id\":\"https:\\\/\\\/radis.ee\\\/#organization\",\"name\":\"Radis O\u00dc\",\"url\":\"https:\\\/\\\/radis.ee\\\/\",\"logo\":{\"@type\":\"ImageObject\",\"inLanguage\":\"de\",\"@id\":\"https:\\\/\\\/radis.ee\\\/#\\\/schema\\\/logo\\\/image\\\/\",\"url\":\"https:\\\/\\\/radis.ee\\\/wp-content\\\/uploads\\\/2020\\\/10\\\/Radis-logo.png\",\"contentUrl\":\"https:\\\/\\\/radis.ee\\\/wp-content\\\/uploads\\\/2020\\\/10\\\/Radis-logo.png\",\"width\":300,\"height\":63,\"caption\":\"Radis O\u00dc\"},\"image\":{\"@id\":\"https:\\\/\\\/radis.ee\\\/#\\\/schema\\\/logo\\\/image\\\/\"},\"sameAs\":[\"https:\\\/\\\/www.facebook.com\\\/radisfurniture\\\/\"]}]}<\/script>\n<!-- \/ Yoast SEO plugin. -->","yoast_head_json":{"title":"Regal TOWER - Radis","robots":{"index":"index","follow":"follow","max-snippet":"max-snippet:-1","max-image-preview":"max-image-preview:large","max-video-preview":"max-video-preview:-1"},"canonical":"https:\/\/radis.ee\/?post_type=product&p=5654","og_locale":"de_DE","og_type":"article","og_title":"Regal TOWER - Radis","og_description":"Das Tower-Regal ist ein gewagter Platzsparer f\u00fcr alle, die Wert auf ger\u00e4umige und luftige Innenr\u00e4ume legen. Sie k\u00f6nnen das Regal in der Breite aufbauen, indem Sie Regale und Schr\u00e4nke hinzuf\u00fcgen und alles entweder in den offenen Regalen oder hinter den Schrankt\u00fcren verstauen. Tower-Regal ist ein k\u00fchner Platzsparer f\u00fcr alle, die Wert auf ger\u00e4umige und luftige...","og_url":"https:\/\/radis.ee\/?post_type=product&p=5654","og_site_name":"Radis","article_publisher":"https:\/\/www.facebook.com\/radisfurniture\/","article_modified_time":"2022-01-18T09:29:02+00:00","og_image":[{"width":2143,"height":2560,"url":"https:\/\/radis.ee\/wp-content\/uploads\/2019\/10\/Radis_shelf_TOWER_small-scaled.jpg","type":"image\/jpeg"}],"twitter_card":"summary_large_image","twitter_misc":{"Gesch\u00e4tzte Lesezeit":"1\u00a0Minute"},"schema":{"@context":"https:\/\/schema.org","@graph":[{"@type":"WebPage","@id":"https:\/\/radis.ee\/?post_type=product&p=5654","url":"https:\/\/radis.ee\/?post_type=product&p=5654","name":"Regal TOWER - Radis","isPartOf":{"@id":"https:\/\/radis.ee\/#website"},"primaryImageOfPage":{"@id":"https:\/\/radis.ee\/?post_type=product&p=5654#primaryimage"},"image":{"@id":"https:\/\/radis.ee\/?post_type=product&p=5654#primaryimage"},"thumbnailUrl":"https:\/\/radis.ee\/wp-content\/uploads\/2019\/10\/Radis_shelf_TOWER_small-scaled.jpg","datePublished":"2020-10-28T19:58:01+00:00","dateModified":"2022-01-18T09:29:02+00:00","breadcrumb":{"@id":"https:\/\/radis.ee\/?post_type=product&p=5654#breadcrumb"},"inLanguage":"de","potentialAction":[{"@type":"ReadAction","target":["https:\/\/radis.ee\/?post_type=product&p=5654"]}]},{"@type":"ImageObject","inLanguage":"de","@id":"https:\/\/radis.ee\/?post_type=product&p=5654#primaryimage","url":"https:\/\/radis.ee\/wp-content\/uploads\/2019\/10\/Radis_shelf_TOWER_small-scaled.jpg","contentUrl":"https:\/\/radis.ee\/wp-content\/uploads\/2019\/10\/Radis_shelf_TOWER_small-scaled.jpg","width":2143,"height":2560},{"@type":"BreadcrumbList","@id":"https:\/\/radis.ee\/?post_type=product&p=5654#breadcrumb","itemListElement":[{"@type":"ListItem","position":1,"name":"Home","item":"https:\/\/radis.ee\/"},{"@type":"ListItem","position":2,"name":"Produkte","item":"https:\/\/radis.ee\/de\/produkte\/"},{"@type":"ListItem","position":3,"name":"Regal TOWER"}]},{"@type":"WebSite","@id":"https:\/\/radis.ee\/#website","url":"https:\/\/radis.ee\/","name":"Radis","description":"Nordic design furniture, environmentally friendly and sustainable.","publisher":{"@id":"https:\/\/radis.ee\/#organization"},"potentialAction":[{"@type":"SearchAction","target":{"@type":"EntryPoint","urlTemplate":"https:\/\/radis.ee\/?s={search_term_string}"},"query-input":{"@type":"PropertyValueSpecification","valueRequired":true,"valueName":"search_term_string"}}],"inLanguage":"de"},{"@type":"Organization","@id":"https:\/\/radis.ee\/#organization","name":"Radis O\u00dc","url":"https:\/\/radis.ee\/","logo":{"@type":"ImageObject","inLanguage":"de","@id":"https:\/\/radis.ee\/#\/schema\/logo\/image\/","url":"https:\/\/radis.ee\/wp-content\/uploads\/2020\/10\/Radis-logo.png","contentUrl":"https:\/\/radis.ee\/wp-content\/uploads\/2020\/10\/Radis-logo.png","width":300,"height":63,"caption":"Radis O\u00dc"},"image":{"@id":"https:\/\/radis.ee\/#\/schema\/logo\/image\/"},"sameAs":["https:\/\/www.facebook.com\/radisfurniture\/"]}]}},"_links":{"self":[{"href":"https:\/\/radis.ee\/de\/wp-json\/wp\/v2\/product\/5667","targetHints":{"allow":["GET"]}}],"collection":[{"href":"https:\/\/radis.ee\/de\/wp-json\/wp\/v2\/product"}],"about":[{"href":"https:\/\/radis.ee\/de\/wp-json\/wp\/v2\/types\/product"}],"replies":[{"embeddable":true,"href":"https:\/\/radis.ee\/de\/wp-json\/wp\/v2\/comments?post=5667"}],"wp:featuredmedia":[{"embeddable":true,"href":"https:\/\/radis.ee\/de\/wp-json\/wp\/v2\/media\/13695"}],"wp:attachment":[{"href":"https:\/\/radis.ee\/de\/wp-json\/wp\/v2\/media?parent=5667"}],"wp:term":[{"taxonomy":"product_brand","embeddable":true,"href":"https:\/\/radis.ee\/de\/wp-json\/wp\/v2\/product_brand?post=5667"},{"taxonomy":"product_cat","embeddable":true,"href":"https:\/\/radis.ee\/de\/wp-json\/wp\/v2\/product_cat?post=5667"},{"taxonomy":"product_tag","embeddable":true,"href":"https:\/\/radis.ee\/de\/wp-json\/wp\/v2\/product_tag?post=5667"}],"curies":[{"name":"wp","href":"https:\/\/api.w.org\/{rel}","templated":true}]}}