{"id":2879,"date":"2022-10-17T15:34:37","date_gmt":"2022-10-17T12:34:37","guid":{"rendered":"https:\/\/radis.ee\/?post_type=product&#038;p=2879"},"modified":"2026-04-09T22:25:31","modified_gmt":"2026-04-09T19:25:31","slug":"pyorea-ruokapoyta-edi","status":"publish","type":"product","link":"https:\/\/radis.ee\/fi\/pyorea-ruokapoyta-edi\/","title":{"rendered":"Py\u00f6re\u00e4 ruokap\u00f6yt\u00e4 EDI"},"content":{"rendered":"<p>Askeettinen py\u00f6re\u00e4 p\u00f6yt\u00e4 keitti\u00f6\u00f6n tai kokoustilaan. EDI tarjoaa tukea aamukahvimukille sek\u00e4 mietteisiin vajonneen hallituksen kyyn\u00e4rp\u00e4ille.<\/p>\n<p>Valmistettu \u00f6ljyvahatusta koivuvanerista, p\u00f6yt\u00e4levy HPL (high pressure laminate) vanerilla.<\/p>\n<p>Suunnittelija: Sylvia-Johanna Annus<\/p>\n","protected":false},"excerpt":{"rendered":"<p>Askeettinen py\u00f6re\u00e4 p\u00f6yt\u00e4 keitti\u00f6\u00f6n tai kokoustilaan. EDI tarjoaa tukea aamukahvimukille sek\u00e4 mietteisiin vajonneen hallituksen kyyn\u00e4rp\u00e4ille. Valmistettu \u00f6ljyvahatusta koivuvanerista, p\u00f6yt\u00e4levy HPL (high pressure laminate) vanerilla. Suunnittelija: Sylvia-Johanna Annus<\/p>\n","protected":false},"featured_media":2281,"comment_status":"open","ping_status":"closed","template":"","meta":{"_acf_changed":false},"product_brand":[],"product_cat":[111],"product_tag":[],"class_list":{"0":"post-2879","1":"product","2":"type-product","3":"status-publish","4":"has-post-thumbnail","6":"product_cat-lauad","8":"first","9":"instock","10":"sale","11":"taxable","12":"shipping-taxable","13":"purchasable","14":"product-type-variable","15":"has-default-attributes"},"acf":[],"yoast_head":"<!-- This site is optimized with the Yoast SEO plugin v27.5 - https:\/\/yoast.com\/product\/yoast-seo-wordpress\/ -->\n<title>Py\u00f6re\u00e4 ruokap\u00f6yt\u00e4 EDI - Radis<\/title>\n<meta name=\"robots\" content=\"index, follow, max-snippet:-1, max-image-preview:large, max-video-preview:-1\" \/>\n<link rel=\"canonical\" href=\"https:\/\/radis.ee\/fi\/pyorea-ruokapoyta-edi\/\" \/>\n<meta property=\"og:locale\" content=\"fi_FI\" \/>\n<meta property=\"og:type\" content=\"article\" \/>\n<meta property=\"og:title\" content=\"Py\u00f6re\u00e4 ruokap\u00f6yt\u00e4 EDI - Radis\" \/>\n<meta property=\"og:description\" content=\"Askeettinen py\u00f6re\u00e4 p\u00f6yt\u00e4 keitti\u00f6\u00f6n tai kokoustilaan. EDI tarjoaa tukea aamukahvimukille sek\u00e4 mietteisiin vajonneen hallituksen kyyn\u00e4rp\u00e4ille. Valmistettu \u00f6ljyvahatusta koivuvanerista, p\u00f6yt\u00e4levy HPL (high pressure laminate) vanerilla. Suunnittelija: Sylvia-Johanna Annus\" \/>\n<meta property=\"og:url\" content=\"https:\/\/radis.ee\/fi\/pyorea-ruokapoyta-edi\/\" \/>\n<meta property=\"og:site_name\" content=\"Radis\" \/>\n<meta property=\"article:publisher\" content=\"https:\/\/www.facebook.com\/radisfurniture\/\" \/>\n<meta property=\"article:modified_time\" content=\"2026-04-09T19:25:31+00:00\" \/>\n<meta property=\"og:image\" content=\"https:\/\/radis.ee\/wp-content\/uploads\/2020\/09\/Radis-table-EDI-yellow-legs-scaled.jpg\" \/>\n\t<meta property=\"og:image:width\" content=\"3681\" \/>\n\t<meta property=\"og:image:height\" content=\"3681\" \/>\n\t<meta property=\"og:image:type\" content=\"image\/jpeg\" \/>\n<meta name=\"twitter:card\" content=\"summary_large_image\" \/>\n<script type=\"application\/ld+json\" class=\"yoast-schema-graph\">{\"@context\":\"https:\\\/\\\/schema.org\",\"@graph\":[{\"@type\":\"WebPage\",\"@id\":\"https:\\\/\\\/radis.ee\\\/fi\\\/pyorea-ruokapoyta-edi\\\/\",\"url\":\"https:\\\/\\\/radis.ee\\\/fi\\\/pyorea-ruokapoyta-edi\\\/\",\"name\":\"Py\u00f6re\u00e4 ruokap\u00f6yt\u00e4 EDI - Radis\",\"isPartOf\":{\"@id\":\"https:\\\/\\\/radis.ee\\\/#website\"},\"primaryImageOfPage\":{\"@id\":\"https:\\\/\\\/radis.ee\\\/fi\\\/pyorea-ruokapoyta-edi\\\/#primaryimage\"},\"image\":{\"@id\":\"https:\\\/\\\/radis.ee\\\/fi\\\/pyorea-ruokapoyta-edi\\\/#primaryimage\"},\"thumbnailUrl\":\"https:\\\/\\\/radis.ee\\\/wp-content\\\/uploads\\\/2020\\\/09\\\/Radis-table-EDI-yellow-legs-scaled.jpg\",\"datePublished\":\"2022-10-17T12:34:37+00:00\",\"dateModified\":\"2026-04-09T19:25:31+00:00\",\"breadcrumb\":{\"@id\":\"https:\\\/\\\/radis.ee\\\/fi\\\/pyorea-ruokapoyta-edi\\\/#breadcrumb\"},\"inLanguage\":\"fi\",\"potentialAction\":[{\"@type\":\"ReadAction\",\"target\":[\"https:\\\/\\\/radis.ee\\\/fi\\\/pyorea-ruokapoyta-edi\\\/\"]}]},{\"@type\":\"ImageObject\",\"inLanguage\":\"fi\",\"@id\":\"https:\\\/\\\/radis.ee\\\/fi\\\/pyorea-ruokapoyta-edi\\\/#primaryimage\",\"url\":\"https:\\\/\\\/radis.ee\\\/wp-content\\\/uploads\\\/2020\\\/09\\\/Radis-table-EDI-yellow-legs-scaled.jpg\",\"contentUrl\":\"https:\\\/\\\/radis.ee\\\/wp-content\\\/uploads\\\/2020\\\/09\\\/Radis-table-EDI-yellow-legs-scaled.jpg\",\"width\":3681,\"height\":3681,\"caption\":\"TABLE EDI\"},{\"@type\":\"BreadcrumbList\",\"@id\":\"https:\\\/\\\/radis.ee\\\/fi\\\/pyorea-ruokapoyta-edi\\\/#breadcrumb\",\"itemListElement\":[{\"@type\":\"ListItem\",\"position\":1,\"name\":\"Home\",\"item\":\"https:\\\/\\\/radis.ee\\\/\"},{\"@type\":\"ListItem\",\"position\":2,\"name\":\"Tuotteet\",\"item\":\"https:\\\/\\\/radis.ee\\\/fi\\\/tuotteet\\\/\"},{\"@type\":\"ListItem\",\"position\":3,\"name\":\"Py\u00f6re\u00e4 ruokap\u00f6yt\u00e4 EDI\"}]},{\"@type\":\"WebSite\",\"@id\":\"https:\\\/\\\/radis.ee\\\/#website\",\"url\":\"https:\\\/\\\/radis.ee\\\/\",\"name\":\"Radis\",\"description\":\"Nordic design furniture, environmentally friendly and sustainable.\",\"publisher\":{\"@id\":\"https:\\\/\\\/radis.ee\\\/#organization\"},\"potentialAction\":[{\"@type\":\"SearchAction\",\"target\":{\"@type\":\"EntryPoint\",\"urlTemplate\":\"https:\\\/\\\/radis.ee\\\/?s={search_term_string}\"},\"query-input\":{\"@type\":\"PropertyValueSpecification\",\"valueRequired\":true,\"valueName\":\"search_term_string\"}}],\"inLanguage\":\"fi\"},{\"@type\":\"Organization\",\"@id\":\"https:\\\/\\\/radis.ee\\\/#organization\",\"name\":\"Radis O\u00dc\",\"url\":\"https:\\\/\\\/radis.ee\\\/\",\"logo\":{\"@type\":\"ImageObject\",\"inLanguage\":\"fi\",\"@id\":\"https:\\\/\\\/radis.ee\\\/#\\\/schema\\\/logo\\\/image\\\/\",\"url\":\"https:\\\/\\\/radis.ee\\\/wp-content\\\/uploads\\\/2020\\\/10\\\/Radis-logo.png\",\"contentUrl\":\"https:\\\/\\\/radis.ee\\\/wp-content\\\/uploads\\\/2020\\\/10\\\/Radis-logo.png\",\"width\":300,\"height\":63,\"caption\":\"Radis O\u00dc\"},\"image\":{\"@id\":\"https:\\\/\\\/radis.ee\\\/#\\\/schema\\\/logo\\\/image\\\/\"},\"sameAs\":[\"https:\\\/\\\/www.facebook.com\\\/radisfurniture\\\/\"]}]}<\/script>\n<!-- \/ Yoast SEO plugin. -->","yoast_head_json":{"title":"Py\u00f6re\u00e4 ruokap\u00f6yt\u00e4 EDI - Radis","robots":{"index":"index","follow":"follow","max-snippet":"max-snippet:-1","max-image-preview":"max-image-preview:large","max-video-preview":"max-video-preview:-1"},"canonical":"https:\/\/radis.ee\/fi\/pyorea-ruokapoyta-edi\/","og_locale":"fi_FI","og_type":"article","og_title":"Py\u00f6re\u00e4 ruokap\u00f6yt\u00e4 EDI - Radis","og_description":"Askeettinen py\u00f6re\u00e4 p\u00f6yt\u00e4 keitti\u00f6\u00f6n tai kokoustilaan. EDI tarjoaa tukea aamukahvimukille sek\u00e4 mietteisiin vajonneen hallituksen kyyn\u00e4rp\u00e4ille. Valmistettu \u00f6ljyvahatusta koivuvanerista, p\u00f6yt\u00e4levy HPL (high pressure laminate) vanerilla. Suunnittelija: Sylvia-Johanna Annus","og_url":"https:\/\/radis.ee\/fi\/pyorea-ruokapoyta-edi\/","og_site_name":"Radis","article_publisher":"https:\/\/www.facebook.com\/radisfurniture\/","article_modified_time":"2026-04-09T19:25:31+00:00","og_image":[{"width":3681,"height":3681,"url":"https:\/\/radis.ee\/wp-content\/uploads\/2020\/09\/Radis-table-EDI-yellow-legs-scaled.jpg","type":"image\/jpeg"}],"twitter_card":"summary_large_image","schema":{"@context":"https:\/\/schema.org","@graph":[{"@type":"WebPage","@id":"https:\/\/radis.ee\/fi\/pyorea-ruokapoyta-edi\/","url":"https:\/\/radis.ee\/fi\/pyorea-ruokapoyta-edi\/","name":"Py\u00f6re\u00e4 ruokap\u00f6yt\u00e4 EDI - Radis","isPartOf":{"@id":"https:\/\/radis.ee\/#website"},"primaryImageOfPage":{"@id":"https:\/\/radis.ee\/fi\/pyorea-ruokapoyta-edi\/#primaryimage"},"image":{"@id":"https:\/\/radis.ee\/fi\/pyorea-ruokapoyta-edi\/#primaryimage"},"thumbnailUrl":"https:\/\/radis.ee\/wp-content\/uploads\/2020\/09\/Radis-table-EDI-yellow-legs-scaled.jpg","datePublished":"2022-10-17T12:34:37+00:00","dateModified":"2026-04-09T19:25:31+00:00","breadcrumb":{"@id":"https:\/\/radis.ee\/fi\/pyorea-ruokapoyta-edi\/#breadcrumb"},"inLanguage":"fi","potentialAction":[{"@type":"ReadAction","target":["https:\/\/radis.ee\/fi\/pyorea-ruokapoyta-edi\/"]}]},{"@type":"ImageObject","inLanguage":"fi","@id":"https:\/\/radis.ee\/fi\/pyorea-ruokapoyta-edi\/#primaryimage","url":"https:\/\/radis.ee\/wp-content\/uploads\/2020\/09\/Radis-table-EDI-yellow-legs-scaled.jpg","contentUrl":"https:\/\/radis.ee\/wp-content\/uploads\/2020\/09\/Radis-table-EDI-yellow-legs-scaled.jpg","width":3681,"height":3681,"caption":"TABLE EDI"},{"@type":"BreadcrumbList","@id":"https:\/\/radis.ee\/fi\/pyorea-ruokapoyta-edi\/#breadcrumb","itemListElement":[{"@type":"ListItem","position":1,"name":"Home","item":"https:\/\/radis.ee\/"},{"@type":"ListItem","position":2,"name":"Tuotteet","item":"https:\/\/radis.ee\/fi\/tuotteet\/"},{"@type":"ListItem","position":3,"name":"Py\u00f6re\u00e4 ruokap\u00f6yt\u00e4 EDI"}]},{"@type":"WebSite","@id":"https:\/\/radis.ee\/#website","url":"https:\/\/radis.ee\/","name":"Radis","description":"Nordic design furniture, environmentally friendly and sustainable.","publisher":{"@id":"https:\/\/radis.ee\/#organization"},"potentialAction":[{"@type":"SearchAction","target":{"@type":"EntryPoint","urlTemplate":"https:\/\/radis.ee\/?s={search_term_string}"},"query-input":{"@type":"PropertyValueSpecification","valueRequired":true,"valueName":"search_term_string"}}],"inLanguage":"fi"},{"@type":"Organization","@id":"https:\/\/radis.ee\/#organization","name":"Radis O\u00dc","url":"https:\/\/radis.ee\/","logo":{"@type":"ImageObject","inLanguage":"fi","@id":"https:\/\/radis.ee\/#\/schema\/logo\/image\/","url":"https:\/\/radis.ee\/wp-content\/uploads\/2020\/10\/Radis-logo.png","contentUrl":"https:\/\/radis.ee\/wp-content\/uploads\/2020\/10\/Radis-logo.png","width":300,"height":63,"caption":"Radis O\u00dc"},"image":{"@id":"https:\/\/radis.ee\/#\/schema\/logo\/image\/"},"sameAs":["https:\/\/www.facebook.com\/radisfurniture\/"]}]}},"_links":{"self":[{"href":"https:\/\/radis.ee\/fi\/wp-json\/wp\/v2\/product\/2879","targetHints":{"allow":["GET"]}}],"collection":[{"href":"https:\/\/radis.ee\/fi\/wp-json\/wp\/v2\/product"}],"about":[{"href":"https:\/\/radis.ee\/fi\/wp-json\/wp\/v2\/types\/product"}],"replies":[{"embeddable":true,"href":"https:\/\/radis.ee\/fi\/wp-json\/wp\/v2\/comments?post=2879"}],"wp:featuredmedia":[{"embeddable":true,"href":"https:\/\/radis.ee\/fi\/wp-json\/wp\/v2\/media\/2281"}],"wp:attachment":[{"href":"https:\/\/radis.ee\/fi\/wp-json\/wp\/v2\/media?parent=2879"}],"wp:term":[{"taxonomy":"product_brand","embeddable":true,"href":"https:\/\/radis.ee\/fi\/wp-json\/wp\/v2\/product_brand?post=2879"},{"taxonomy":"product_cat","embeddable":true,"href":"https:\/\/radis.ee\/fi\/wp-json\/wp\/v2\/product_cat?post=2879"},{"taxonomy":"product_tag","embeddable":true,"href":"https:\/\/radis.ee\/fi\/wp-json\/wp\/v2\/product_tag?post=2879"}],"curies":[{"name":"wp","href":"https:\/\/api.w.org\/{rel}","templated":true}]}}