{"id":7888,"date":"2022-02-28T22:24:17","date_gmt":"2022-02-28T20:24:17","guid":{"rendered":"https:\/\/radis.ee\/meuble-tv-noble-a-portes-coulissantes\/"},"modified":"2025-01-24T19:02:53","modified_gmt":"2025-01-24T17:02:53","slug":"meuble-tv-noble-a-portes-coulissantes","status":"publish","type":"product","link":"https:\/\/radis.ee\/fr\/meuble-tv-noble-a-portes-coulissantes\/","title":{"rendered":"Meuble TV NOBLE \u00e0 portes coulissantes"},"content":{"rendered":"<p>La table TV de la s\u00e9rie Noble vous fait vraiment manquer les ann\u00e9es 70 super cool. La construction l\u00e9g\u00e8re avec des pieds \u00e9l\u00e9gants et des portes coulissantes rend difficile de rester concentr\u00e9 sur le t\u00e9l\u00e9viseur qui se trouve dessus!<\/p>\n<p>La table est fabriqu\u00e9e en placage de ch\u00eane ou en contreplaqu\u00e9 de bouleau de qualit\u00e9 et durable, cir\u00e9 \u00e0 l&rsquo;huile. Les portes coulissantes sont sur roulettes H\u00e4fele. Pieds r\u00e9glables en m\u00e9tal avec rev\u00eatement en poudre noire d&rsquo;une hauteur de 17 cm. Ou, si vous le souhaitez, une version murale &#8211; vous pouvez le fixer au mur avec des vis \u00e0 travers un mur arri\u00e8re solide.<\/p>\n<p>Les trois sections ont des \u00e9tag\u00e8res r\u00e9glables en hauteur, 36 cm de profondeur et 47 cm de largeur (option 2m 64 cm de largeur). Hauteur int\u00e9rieure 32 cm.<\/p>\n<p>Le meuble TV NOBLE a \u00e9t\u00e9 nomin\u00e9 pour le prix du design estonien Bruno 2022.<\/p>\n","protected":false},"excerpt":{"rendered":"<p>La table TV de la s\u00e9rie Noble vous fait vraiment manquer les ann\u00e9es 70 super cool. La construction l\u00e9g\u00e8re avec des pieds \u00e9l\u00e9gants et des portes coulissantes rend difficile de rester concentr\u00e9 sur le t\u00e9l\u00e9viseur qui se trouve dessus! La table est fabriqu\u00e9e en placage de ch\u00eane ou en contreplaqu\u00e9 de bouleau de qualit\u00e9 et&#8230;<\/p>\n","protected":false},"featured_media":15623,"comment_status":"open","ping_status":"closed","template":"","meta":{"_acf_changed":false},"product_brand":[],"product_cat":[112],"product_tag":[],"class_list":{"0":"post-7888","1":"product","2":"type-product","3":"status-publish","4":"has-post-thumbnail","6":"product_cat-tv-alused","8":"first","9":"instock","10":"sale","11":"taxable","12":"shipping-taxable","13":"purchasable","14":"product-type-variable","15":"has-default-attributes"},"acf":[],"yoast_head":"<!-- This site is optimized with the Yoast SEO plugin v27.4 - https:\/\/yoast.com\/product\/yoast-seo-wordpress\/ -->\n<title>Meuble TV NOBLE \u00e0 portes coulissantes - Radis<\/title>\n<meta name=\"robots\" content=\"index, follow, max-snippet:-1, max-image-preview:large, max-video-preview:-1\" \/>\n<link rel=\"canonical\" href=\"https:\/\/radis.ee\/fr\/meuble-tv-noble-a-portes-coulissantes\/\" \/>\n<meta property=\"og:locale\" content=\"fr_FR\" \/>\n<meta property=\"og:type\" content=\"article\" \/>\n<meta property=\"og:title\" content=\"Meuble TV NOBLE \u00e0 portes coulissantes - Radis\" \/>\n<meta property=\"og:description\" content=\"La table TV de la s\u00e9rie Noble vous fait vraiment manquer les ann\u00e9es 70 super cool. La construction l\u00e9g\u00e8re avec des pieds \u00e9l\u00e9gants et des portes coulissantes rend difficile de rester concentr\u00e9 sur le t\u00e9l\u00e9viseur qui se trouve dessus! La table est fabriqu\u00e9e en placage de ch\u00eane ou en contreplaqu\u00e9 de bouleau de qualit\u00e9 et...\" \/>\n<meta property=\"og:url\" content=\"https:\/\/radis.ee\/fr\/meuble-tv-noble-a-portes-coulissantes\/\" \/>\n<meta property=\"og:site_name\" content=\"Radis\" \/>\n<meta property=\"article:publisher\" content=\"https:\/\/www.facebook.com\/radisfurniture\/\" \/>\n<meta property=\"article:modified_time\" content=\"2025-01-24T17:02:53+00:00\" \/>\n<meta property=\"og:image\" content=\"https:\/\/radis.ee\/wp-content\/uploads\/2022\/02\/RADIS_TV-stand_NOBLE_200cm_Oak_veneered_plywood_doors_Black_stain_doors_open_white_background_3-scaled.jpg\" \/>\n\t<meta property=\"og:image:width\" content=\"2166\" \/>\n\t<meta property=\"og:image:height\" content=\"2560\" \/>\n\t<meta property=\"og:image:type\" content=\"image\/jpeg\" \/>\n<meta name=\"twitter:card\" content=\"summary_large_image\" \/>\n<meta name=\"twitter:label1\" content=\"Dur\u00e9e de lecture estim\u00e9e\" \/>\n\t<meta name=\"twitter:data1\" content=\"1 minute\" \/>\n<script type=\"application\/ld+json\" class=\"yoast-schema-graph\">{\"@context\":\"https:\\\/\\\/schema.org\",\"@graph\":[{\"@type\":\"WebPage\",\"@id\":\"https:\\\/\\\/radis.ee\\\/fr\\\/meuble-tv-noble-a-portes-coulissantes\\\/\",\"url\":\"https:\\\/\\\/radis.ee\\\/fr\\\/meuble-tv-noble-a-portes-coulissantes\\\/\",\"name\":\"Meuble TV NOBLE \u00e0 portes coulissantes - Radis\",\"isPartOf\":{\"@id\":\"https:\\\/\\\/radis.ee\\\/#website\"},\"primaryImageOfPage\":{\"@id\":\"https:\\\/\\\/radis.ee\\\/fr\\\/meuble-tv-noble-a-portes-coulissantes\\\/#primaryimage\"},\"image\":{\"@id\":\"https:\\\/\\\/radis.ee\\\/fr\\\/meuble-tv-noble-a-portes-coulissantes\\\/#primaryimage\"},\"thumbnailUrl\":\"https:\\\/\\\/radis.ee\\\/wp-content\\\/uploads\\\/2022\\\/02\\\/RADIS_TV-stand_NOBLE_200cm_Oak_veneered_plywood_doors_Black_stain_doors_open_white_background_3-scaled.jpg\",\"datePublished\":\"2022-02-28T20:24:17+00:00\",\"dateModified\":\"2025-01-24T17:02:53+00:00\",\"breadcrumb\":{\"@id\":\"https:\\\/\\\/radis.ee\\\/fr\\\/meuble-tv-noble-a-portes-coulissantes\\\/#breadcrumb\"},\"inLanguage\":\"fr-FR\",\"potentialAction\":[{\"@type\":\"ReadAction\",\"target\":[\"https:\\\/\\\/radis.ee\\\/fr\\\/meuble-tv-noble-a-portes-coulissantes\\\/\"]}]},{\"@type\":\"ImageObject\",\"inLanguage\":\"fr-FR\",\"@id\":\"https:\\\/\\\/radis.ee\\\/fr\\\/meuble-tv-noble-a-portes-coulissantes\\\/#primaryimage\",\"url\":\"https:\\\/\\\/radis.ee\\\/wp-content\\\/uploads\\\/2022\\\/02\\\/RADIS_TV-stand_NOBLE_200cm_Oak_veneered_plywood_doors_Black_stain_doors_open_white_background_3-scaled.jpg\",\"contentUrl\":\"https:\\\/\\\/radis.ee\\\/wp-content\\\/uploads\\\/2022\\\/02\\\/RADIS_TV-stand_NOBLE_200cm_Oak_veneered_plywood_doors_Black_stain_doors_open_white_background_3-scaled.jpg\",\"width\":2166,\"height\":2560,\"caption\":\"RADIS TV-stand NOBLE 200 cm Oak veneered\"},{\"@type\":\"BreadcrumbList\",\"@id\":\"https:\\\/\\\/radis.ee\\\/fr\\\/meuble-tv-noble-a-portes-coulissantes\\\/#breadcrumb\",\"itemListElement\":[{\"@type\":\"ListItem\",\"position\":1,\"name\":\"Home\",\"item\":\"https:\\\/\\\/radis.ee\\\/\"},{\"@type\":\"ListItem\",\"position\":2,\"name\":\"Magasin\",\"item\":\"https:\\\/\\\/radis.ee\\\/fr\\\/magasin\\\/\"},{\"@type\":\"ListItem\",\"position\":3,\"name\":\"Meuble TV NOBLE \u00e0 portes coulissantes\"}]},{\"@type\":\"WebSite\",\"@id\":\"https:\\\/\\\/radis.ee\\\/#website\",\"url\":\"https:\\\/\\\/radis.ee\\\/\",\"name\":\"Radis\",\"description\":\"Nordic design furniture, environmentally friendly and sustainable.\",\"publisher\":{\"@id\":\"https:\\\/\\\/radis.ee\\\/#organization\"},\"potentialAction\":[{\"@type\":\"SearchAction\",\"target\":{\"@type\":\"EntryPoint\",\"urlTemplate\":\"https:\\\/\\\/radis.ee\\\/?s={search_term_string}\"},\"query-input\":{\"@type\":\"PropertyValueSpecification\",\"valueRequired\":true,\"valueName\":\"search_term_string\"}}],\"inLanguage\":\"fr-FR\"},{\"@type\":\"Organization\",\"@id\":\"https:\\\/\\\/radis.ee\\\/#organization\",\"name\":\"Radis O\u00dc\",\"url\":\"https:\\\/\\\/radis.ee\\\/\",\"logo\":{\"@type\":\"ImageObject\",\"inLanguage\":\"fr-FR\",\"@id\":\"https:\\\/\\\/radis.ee\\\/#\\\/schema\\\/logo\\\/image\\\/\",\"url\":\"https:\\\/\\\/radis.ee\\\/wp-content\\\/uploads\\\/2020\\\/10\\\/Radis-logo.png\",\"contentUrl\":\"https:\\\/\\\/radis.ee\\\/wp-content\\\/uploads\\\/2020\\\/10\\\/Radis-logo.png\",\"width\":300,\"height\":63,\"caption\":\"Radis O\u00dc\"},\"image\":{\"@id\":\"https:\\\/\\\/radis.ee\\\/#\\\/schema\\\/logo\\\/image\\\/\"},\"sameAs\":[\"https:\\\/\\\/www.facebook.com\\\/radisfurniture\\\/\"]}]}<\/script>\n<!-- \/ Yoast SEO plugin. -->","yoast_head_json":{"title":"Meuble TV NOBLE \u00e0 portes coulissantes - Radis","robots":{"index":"index","follow":"follow","max-snippet":"max-snippet:-1","max-image-preview":"max-image-preview:large","max-video-preview":"max-video-preview:-1"},"canonical":"https:\/\/radis.ee\/fr\/meuble-tv-noble-a-portes-coulissantes\/","og_locale":"fr_FR","og_type":"article","og_title":"Meuble TV NOBLE \u00e0 portes coulissantes - Radis","og_description":"La table TV de la s\u00e9rie Noble vous fait vraiment manquer les ann\u00e9es 70 super cool. La construction l\u00e9g\u00e8re avec des pieds \u00e9l\u00e9gants et des portes coulissantes rend difficile de rester concentr\u00e9 sur le t\u00e9l\u00e9viseur qui se trouve dessus! La table est fabriqu\u00e9e en placage de ch\u00eane ou en contreplaqu\u00e9 de bouleau de qualit\u00e9 et...","og_url":"https:\/\/radis.ee\/fr\/meuble-tv-noble-a-portes-coulissantes\/","og_site_name":"Radis","article_publisher":"https:\/\/www.facebook.com\/radisfurniture\/","article_modified_time":"2025-01-24T17:02:53+00:00","og_image":[{"width":2166,"height":2560,"url":"https:\/\/radis.ee\/wp-content\/uploads\/2022\/02\/RADIS_TV-stand_NOBLE_200cm_Oak_veneered_plywood_doors_Black_stain_doors_open_white_background_3-scaled.jpg","type":"image\/jpeg"}],"twitter_card":"summary_large_image","twitter_misc":{"Dur\u00e9e de lecture estim\u00e9e":"1 minute"},"schema":{"@context":"https:\/\/schema.org","@graph":[{"@type":"WebPage","@id":"https:\/\/radis.ee\/fr\/meuble-tv-noble-a-portes-coulissantes\/","url":"https:\/\/radis.ee\/fr\/meuble-tv-noble-a-portes-coulissantes\/","name":"Meuble TV NOBLE \u00e0 portes coulissantes - Radis","isPartOf":{"@id":"https:\/\/radis.ee\/#website"},"primaryImageOfPage":{"@id":"https:\/\/radis.ee\/fr\/meuble-tv-noble-a-portes-coulissantes\/#primaryimage"},"image":{"@id":"https:\/\/radis.ee\/fr\/meuble-tv-noble-a-portes-coulissantes\/#primaryimage"},"thumbnailUrl":"https:\/\/radis.ee\/wp-content\/uploads\/2022\/02\/RADIS_TV-stand_NOBLE_200cm_Oak_veneered_plywood_doors_Black_stain_doors_open_white_background_3-scaled.jpg","datePublished":"2022-02-28T20:24:17+00:00","dateModified":"2025-01-24T17:02:53+00:00","breadcrumb":{"@id":"https:\/\/radis.ee\/fr\/meuble-tv-noble-a-portes-coulissantes\/#breadcrumb"},"inLanguage":"fr-FR","potentialAction":[{"@type":"ReadAction","target":["https:\/\/radis.ee\/fr\/meuble-tv-noble-a-portes-coulissantes\/"]}]},{"@type":"ImageObject","inLanguage":"fr-FR","@id":"https:\/\/radis.ee\/fr\/meuble-tv-noble-a-portes-coulissantes\/#primaryimage","url":"https:\/\/radis.ee\/wp-content\/uploads\/2022\/02\/RADIS_TV-stand_NOBLE_200cm_Oak_veneered_plywood_doors_Black_stain_doors_open_white_background_3-scaled.jpg","contentUrl":"https:\/\/radis.ee\/wp-content\/uploads\/2022\/02\/RADIS_TV-stand_NOBLE_200cm_Oak_veneered_plywood_doors_Black_stain_doors_open_white_background_3-scaled.jpg","width":2166,"height":2560,"caption":"RADIS TV-stand NOBLE 200 cm Oak veneered"},{"@type":"BreadcrumbList","@id":"https:\/\/radis.ee\/fr\/meuble-tv-noble-a-portes-coulissantes\/#breadcrumb","itemListElement":[{"@type":"ListItem","position":1,"name":"Home","item":"https:\/\/radis.ee\/"},{"@type":"ListItem","position":2,"name":"Magasin","item":"https:\/\/radis.ee\/fr\/magasin\/"},{"@type":"ListItem","position":3,"name":"Meuble TV NOBLE \u00e0 portes coulissantes"}]},{"@type":"WebSite","@id":"https:\/\/radis.ee\/#website","url":"https:\/\/radis.ee\/","name":"Radis","description":"Nordic design furniture, environmentally friendly and sustainable.","publisher":{"@id":"https:\/\/radis.ee\/#organization"},"potentialAction":[{"@type":"SearchAction","target":{"@type":"EntryPoint","urlTemplate":"https:\/\/radis.ee\/?s={search_term_string}"},"query-input":{"@type":"PropertyValueSpecification","valueRequired":true,"valueName":"search_term_string"}}],"inLanguage":"fr-FR"},{"@type":"Organization","@id":"https:\/\/radis.ee\/#organization","name":"Radis O\u00dc","url":"https:\/\/radis.ee\/","logo":{"@type":"ImageObject","inLanguage":"fr-FR","@id":"https:\/\/radis.ee\/#\/schema\/logo\/image\/","url":"https:\/\/radis.ee\/wp-content\/uploads\/2020\/10\/Radis-logo.png","contentUrl":"https:\/\/radis.ee\/wp-content\/uploads\/2020\/10\/Radis-logo.png","width":300,"height":63,"caption":"Radis O\u00dc"},"image":{"@id":"https:\/\/radis.ee\/#\/schema\/logo\/image\/"},"sameAs":["https:\/\/www.facebook.com\/radisfurniture\/"]}]}},"_links":{"self":[{"href":"https:\/\/radis.ee\/fr\/wp-json\/wp\/v2\/product\/7888","targetHints":{"allow":["GET"]}}],"collection":[{"href":"https:\/\/radis.ee\/fr\/wp-json\/wp\/v2\/product"}],"about":[{"href":"https:\/\/radis.ee\/fr\/wp-json\/wp\/v2\/types\/product"}],"replies":[{"embeddable":true,"href":"https:\/\/radis.ee\/fr\/wp-json\/wp\/v2\/comments?post=7888"}],"wp:featuredmedia":[{"embeddable":true,"href":"https:\/\/radis.ee\/fr\/wp-json\/wp\/v2\/media\/15623"}],"wp:attachment":[{"href":"https:\/\/radis.ee\/fr\/wp-json\/wp\/v2\/media?parent=7888"}],"wp:term":[{"taxonomy":"product_brand","embeddable":true,"href":"https:\/\/radis.ee\/fr\/wp-json\/wp\/v2\/product_brand?post=7888"},{"taxonomy":"product_cat","embeddable":true,"href":"https:\/\/radis.ee\/fr\/wp-json\/wp\/v2\/product_cat?post=7888"},{"taxonomy":"product_tag","embeddable":true,"href":"https:\/\/radis.ee\/fr\/wp-json\/wp\/v2\/product_tag?post=7888"}],"curies":[{"name":"wp","href":"https:\/\/api.w.org\/{rel}","templated":true}]}}